{"id":9525,"date":"2025-11-24T10:59:23","date_gmt":"2025-11-24T09:59:23","guid":{"rendered":"https:\/\/crlrando.fr\/?post_type=mec-events&#038;p=9525"},"modified":"2025-12-08T08:38:38","modified_gmt":"2025-12-08T07:38:38","slug":"le-pic-despaillat-ariege","status":"publish","type":"mec-events","link":"https:\/\/crlrando.fr\/index.php\/events\/le-pic-despaillat-ariege\/","title":{"rendered":"Le pic d&rsquo;Espaillat (Ari\u00e8ge)"},"content":{"rendered":"\n<blockquote class=\"wp-block-quote is-layout-flow wp-block-quote-is-layout-flow\">\n<h3 class=\"wp-block-heading\">Petit sommet sans renomm\u00e9e, le pic d&rsquo;Espaillat est peu fr\u00e9quent\u00e9. En hiver, on a de fortes chances d&rsquo;effectuer toute la randonn\u00e9 sans croiser \u00e2me qui vive. Sauvage et vari\u00e9, cet itin\u00e9raire en travers\u00e9e n\u00e9cessite de bonnes notions en orientation. La vue est magnifique durant une grande partie du parcours.<\/h3>\n<\/blockquote>\n\n\n\n<h3 class=\"wp-block-heading\">Emmanuel envisage la possibilit\u00e9 de s&rsquo;arr\u00eater avant le sommet. Cela d\u00e9pendra de l&rsquo;enneigement, des conditions m\u00e9t\u00e9orologiques et du groupe de randonneurs.<\/h3>\n\n\n\n<h3 class=\"wp-block-heading has-luminous-vivid-amber-color has-text-color has-link-color wp-elements-d1c663bed31b8a0b55f109a542507810\"><em>Cette randonn\u00e9e est programm\u00e9e le dimanche 7 d\u00e9cembre mais pourra \u00eatre avanc\u00e9e au samedi 6 en cas de mauvaise m\u00e9t\u00e9o.<\/em><\/h3>\n\n\n\n<h3 class=\"wp-block-heading has-vivid-cyan-blue-color has-text-color has-link-color wp-elements-c90e93da44a2d031c87478a0628a4b2b\"><em><a href=\"https:\/\/crlrando.fr\/wp-content\/uploads\/2025\/10\/20251207_Pic-Espaillat.pdf\" target=\"_blank\" rel=\"noreferrer noopener\">Voir la fiche<\/a><\/em><\/h3>\n\n\n\n<p><\/p>\n","protected":false},"excerpt":{"rendered":"<p>Petit sommet sans renomm\u00e9e, le pic d&rsquo;Espaillat est peu fr\u00e9quent\u00e9. En hiver, on a de fortes chances d&rsquo;effectuer toute la randonn\u00e9 sans croiser \u00e2me qui vive. Sauvage et vari\u00e9, cet itin\u00e9raire en travers\u00e9e n\u00e9cessite de bonnes notions en orientation. La vue est magnifique durant une grande partie du parcours. Emmanuel envisage la possibilit\u00e9 de s&rsquo;arr\u00eater [&hellip;]<\/p>\n","protected":false},"author":3,"featured_media":9541,"comment_status":"closed","ping_status":"closed","template":"","meta":{"site-sidebar-layout":"default","site-content-layout":"","ast-site-content-layout":"default","site-content-style":"default","site-sidebar-style":"default","ast-global-header-display":"","ast-banner-title-visibility":"","ast-main-header-display":"","ast-hfb-above-header-display":"","ast-hfb-below-header-display":"","ast-hfb-mobile-header-display":"","site-post-title":"","ast-breadcrumbs-content":"","ast-featured-img":"","footer-sml-layout":"","theme-transparent-header-meta":"","adv-header-id-meta":"","stick-header-meta":"","header-above-stick-meta":"","header-main-stick-meta":"","header-below-stick-meta":"","astra-migrate-meta-layouts":"set","ast-page-background-enabled":"default","ast-page-background-meta":{"desktop":{"background-color":"var(--ast-global-color-4)","background-image":"","background-repeat":"repeat","background-position":"center center","background-size":"auto","background-attachment":"scroll","background-type":"","background-media":"","overlay-type":"","overlay-color":"","overlay-opacity":"","overlay-gradient":""},"tablet":{"background-color":"","background-image":"","background-repeat":"repeat","background-position":"center center","background-size":"auto","background-attachment":"scroll","background-type":"","background-media":"","overlay-type":"","overlay-color":"","overlay-opacity":"","overlay-gradient":""},"mobile":{"background-color":"","background-image":"","background-repeat":"repeat","background-position":"center center","background-size":"auto","background-attachment":"scroll","background-type":"","background-media":"","overlay-type":"","overlay-color":"","overlay-opacity":"","overlay-gradient":""}},"ast-content-background-meta":{"desktop":{"background-color":"var(--ast-global-color-5)","background-image":"","background-repeat":"repeat","background-position":"center center","background-size":"auto","background-attachment":"scroll","background-type":"","background-media":"","overlay-type":"","overlay-color":"","overlay-opacity":"","overlay-gradient":""},"tablet":{"background-color":"var(--ast-global-color-5)","background-image":"","background-repeat":"repeat","background-position":"center center","background-size":"auto","background-attachment":"scroll","background-type":"","background-media":"","overlay-type":"","overlay-color":"","overlay-opacity":"","overlay-gradient":""},"mobile":{"background-color":"var(--ast-global-color-5)","background-image":"","background-repeat":"repeat","background-position":"center center","background-size":"auto","background-attachment":"scroll","background-type":"","background-media":"","overlay-type":"","overlay-color":"","overlay-opacity":"","overlay-gradient":""}}},"tags":[],"mec_category":[20],"class_list":["post-9525","mec-events","type-mec-events","status-publish","has-post-thumbnail","hentry","mec_category-niveau-3"],"yoast_head":"<!-- This site is optimized with the Yoast SEO plugin v26.8 - https:\/\/yoast.com\/product\/yoast-seo-wordpress\/ -->\n<title>Le pic d&#039;Espaillat (Ari\u00e8ge) - Club de randonn\u00e9e Lauragais R\u00e9gion Toulouse Pyr\u00e9en\u00e9es<\/title>\n<meta name=\"robots\" content=\"index, follow, max-snippet:-1, max-image-preview:large, max-video-preview:-1\" \/>\n<link rel=\"canonical\" href=\"https:\/\/crlrando.fr\/index.php\/events\/le-pic-despaillat-ariege\/\" class=\"yoast-seo-meta-tag\" \/>\n<meta property=\"og:locale\" content=\"fr_FR\" class=\"yoast-seo-meta-tag\" \/>\n<meta property=\"og:type\" content=\"article\" class=\"yoast-seo-meta-tag\" \/>\n<meta property=\"og:title\" content=\"Le pic d&#039;Espaillat (Ari\u00e8ge) - Club de randonn\u00e9e Lauragais R\u00e9gion Toulouse Pyr\u00e9en\u00e9es\" class=\"yoast-seo-meta-tag\" \/>\n<meta property=\"og:description\" content=\"Petit sommet sans renomm\u00e9e, le pic d&rsquo;Espaillat est peu fr\u00e9quent\u00e9. En hiver, on a de fortes chances d&rsquo;effectuer toute la randonn\u00e9 sans croiser \u00e2me qui vive. Sauvage et vari\u00e9, cet itin\u00e9raire en travers\u00e9e n\u00e9cessite de bonnes notions en orientation. La vue est magnifique durant une grande partie du parcours. Emmanuel envisage la possibilit\u00e9 de s&rsquo;arr\u00eater [&hellip;]\" class=\"yoast-seo-meta-tag\" \/>\n<meta property=\"og:url\" content=\"https:\/\/crlrando.fr\/index.php\/events\/le-pic-despaillat-ariege\/\" class=\"yoast-seo-meta-tag\" \/>\n<meta property=\"og:site_name\" content=\"Club de randonn\u00e9e Lauragais R\u00e9gion Toulouse Pyr\u00e9en\u00e9es\" class=\"yoast-seo-meta-tag\" \/>\n<meta property=\"article:modified_time\" content=\"2025-12-08T07:38:38+00:00\" class=\"yoast-seo-meta-tag\" \/>\n<meta property=\"og:image\" content=\"https:\/\/crlrando.fr\/wp-content\/uploads\/2025\/10\/niveau_3_neige.jpg\" class=\"yoast-seo-meta-tag\" \/>\n\t<meta property=\"og:image:width\" content=\"640\" class=\"yoast-seo-meta-tag\" \/>\n\t<meta property=\"og:image:height\" content=\"480\" class=\"yoast-seo-meta-tag\" \/>\n\t<meta property=\"og:image:type\" content=\"image\/jpeg\" class=\"yoast-seo-meta-tag\" \/>\n<meta name=\"twitter:card\" content=\"summary_large_image\" class=\"yoast-seo-meta-tag\" \/>\n<meta name=\"twitter:label1\" content=\"Dur\u00e9e de lecture estim\u00e9e\" class=\"yoast-seo-meta-tag\" \/>\n\t<meta name=\"twitter:data1\" content=\"1 minute\" class=\"yoast-seo-meta-tag\" \/>\n<script type=\"application\/ld+json\" class=\"yoast-schema-graph\">{\"@context\":\"https:\/\/schema.org\",\"@graph\":[{\"@type\":\"WebPage\",\"@id\":\"https:\/\/crlrando.fr\/index.php\/events\/le-pic-despaillat-ariege\/\",\"url\":\"https:\/\/crlrando.fr\/index.php\/events\/le-pic-despaillat-ariege\/\",\"name\":\"Le pic d'Espaillat (Ari\u00e8ge) - Club de randonn\u00e9e Lauragais R\u00e9gion Toulouse Pyr\u00e9en\u00e9es\",\"isPartOf\":{\"@id\":\"https:\/\/crlrando.fr\/#website\"},\"primaryImageOfPage\":{\"@id\":\"https:\/\/crlrando.fr\/index.php\/events\/le-pic-despaillat-ariege\/#primaryimage\"},\"image\":{\"@id\":\"https:\/\/crlrando.fr\/index.php\/events\/le-pic-despaillat-ariege\/#primaryimage\"},\"thumbnailUrl\":\"https:\/\/crlrando.fr\/wp-content\/uploads\/2025\/10\/niveau_3_neige.jpg\",\"datePublished\":\"2025-11-24T09:59:23+00:00\",\"dateModified\":\"2025-12-08T07:38:38+00:00\",\"breadcrumb\":{\"@id\":\"https:\/\/crlrando.fr\/index.php\/events\/le-pic-despaillat-ariege\/#breadcrumb\"},\"inLanguage\":\"fr-FR\",\"potentialAction\":[{\"@type\":\"ReadAction\",\"target\":[\"https:\/\/crlrando.fr\/index.php\/events\/le-pic-despaillat-ariege\/\"]}]},{\"@type\":\"ImageObject\",\"inLanguage\":\"fr-FR\",\"@id\":\"https:\/\/crlrando.fr\/index.php\/events\/le-pic-despaillat-ariege\/#primaryimage\",\"url\":\"https:\/\/crlrando.fr\/wp-content\/uploads\/2025\/10\/niveau_3_neige.jpg\",\"contentUrl\":\"https:\/\/crlrando.fr\/wp-content\/uploads\/2025\/10\/niveau_3_neige.jpg\",\"width\":640,\"height\":480},{\"@type\":\"BreadcrumbList\",\"@id\":\"https:\/\/crlrando.fr\/index.php\/events\/le-pic-despaillat-ariege\/#breadcrumb\",\"itemListElement\":[{\"@type\":\"ListItem\",\"position\":1,\"name\":\"Accueil\",\"item\":\"https:\/\/crlrando.fr\/\"},{\"@type\":\"ListItem\",\"position\":2,\"name\":\"\u00c9v\u00e9nements\",\"item\":\"https:\/\/crlrando.fr\/index.php\/events\/\"},{\"@type\":\"ListItem\",\"position\":3,\"name\":\"Le pic d&rsquo;Espaillat (Ari\u00e8ge)\"}]},{\"@type\":\"WebSite\",\"@id\":\"https:\/\/crlrando.fr\/#website\",\"url\":\"https:\/\/crlrando.fr\/\",\"name\":\"Club de randonn\u00e9e Lauragais R\u00e9gion Toulouse Pyr\u00e9en\u00e9es\",\"description\":\"2026 : 238 km parcourus avec 7820 m de d\u00e9nivel\u00e9\",\"publisher\":{\"@id\":\"https:\/\/crlrando.fr\/#organization\"},\"potentialAction\":[{\"@type\":\"SearchAction\",\"target\":{\"@type\":\"EntryPoint\",\"urlTemplate\":\"https:\/\/crlrando.fr\/?s={search_term_string}\"},\"query-input\":{\"@type\":\"PropertyValueSpecification\",\"valueRequired\":true,\"valueName\":\"search_term_string\"}}],\"inLanguage\":\"fr-FR\"},{\"@type\":\"Organization\",\"@id\":\"https:\/\/crlrando.fr\/#organization\",\"name\":\"Club Randonn\u00e9es Loisirs\",\"url\":\"https:\/\/crlrando.fr\/\",\"logo\":{\"@type\":\"ImageObject\",\"inLanguage\":\"fr-FR\",\"@id\":\"https:\/\/crlrando.fr\/#\/schema\/logo\/image\/\",\"url\":\"https:\/\/crlrando.fr\/wp-content\/uploads\/2023\/04\/SIGLE-22.4.png\",\"contentUrl\":\"https:\/\/crlrando.fr\/wp-content\/uploads\/2023\/04\/SIGLE-22.4.png\",\"width\":1662,\"height\":1171,\"caption\":\"Club Randonn\u00e9es Loisirs\"},\"image\":{\"@id\":\"https:\/\/crlrando.fr\/#\/schema\/logo\/image\/\"}}]}<\/script>\n<!-- \/ Yoast SEO plugin. -->","yoast_head_json":{"title":"Le pic d'Espaillat (Ari\u00e8ge) - Club de randonn\u00e9e Lauragais R\u00e9gion Toulouse Pyr\u00e9en\u00e9es","robots":{"index":"index","follow":"follow","max-snippet":"max-snippet:-1","max-image-preview":"max-image-preview:large","max-video-preview":"max-video-preview:-1"},"canonical":"https:\/\/crlrando.fr\/index.php\/events\/le-pic-despaillat-ariege\/","og_locale":"fr_FR","og_type":"article","og_title":"Le pic d'Espaillat (Ari\u00e8ge) - Club de randonn\u00e9e Lauragais R\u00e9gion Toulouse Pyr\u00e9en\u00e9es","og_description":"Petit sommet sans renomm\u00e9e, le pic d&rsquo;Espaillat est peu fr\u00e9quent\u00e9. En hiver, on a de fortes chances d&rsquo;effectuer toute la randonn\u00e9 sans croiser \u00e2me qui vive. Sauvage et vari\u00e9, cet itin\u00e9raire en travers\u00e9e n\u00e9cessite de bonnes notions en orientation. La vue est magnifique durant une grande partie du parcours. Emmanuel envisage la possibilit\u00e9 de s&rsquo;arr\u00eater [&hellip;]","og_url":"https:\/\/crlrando.fr\/index.php\/events\/le-pic-despaillat-ariege\/","og_site_name":"Club de randonn\u00e9e Lauragais R\u00e9gion Toulouse Pyr\u00e9en\u00e9es","article_modified_time":"2025-12-08T07:38:38+00:00","og_image":[{"width":640,"height":480,"url":"https:\/\/crlrando.fr\/wp-content\/uploads\/2025\/10\/niveau_3_neige.jpg","type":"image\/jpeg"}],"twitter_card":"summary_large_image","twitter_misc":{"Dur\u00e9e de lecture estim\u00e9e":"1 minute"},"schema":{"@context":"https:\/\/schema.org","@graph":[{"@type":"WebPage","@id":"https:\/\/crlrando.fr\/index.php\/events\/le-pic-despaillat-ariege\/","url":"https:\/\/crlrando.fr\/index.php\/events\/le-pic-despaillat-ariege\/","name":"Le pic d'Espaillat (Ari\u00e8ge) - Club de randonn\u00e9e Lauragais R\u00e9gion Toulouse Pyr\u00e9en\u00e9es","isPartOf":{"@id":"https:\/\/crlrando.fr\/#website"},"primaryImageOfPage":{"@id":"https:\/\/crlrando.fr\/index.php\/events\/le-pic-despaillat-ariege\/#primaryimage"},"image":{"@id":"https:\/\/crlrando.fr\/index.php\/events\/le-pic-despaillat-ariege\/#primaryimage"},"thumbnailUrl":"https:\/\/crlrando.fr\/wp-content\/uploads\/2025\/10\/niveau_3_neige.jpg","datePublished":"2025-11-24T09:59:23+00:00","dateModified":"2025-12-08T07:38:38+00:00","breadcrumb":{"@id":"https:\/\/crlrando.fr\/index.php\/events\/le-pic-despaillat-ariege\/#breadcrumb"},"inLanguage":"fr-FR","potentialAction":[{"@type":"ReadAction","target":["https:\/\/crlrando.fr\/index.php\/events\/le-pic-despaillat-ariege\/"]}]},{"@type":"ImageObject","inLanguage":"fr-FR","@id":"https:\/\/crlrando.fr\/index.php\/events\/le-pic-despaillat-ariege\/#primaryimage","url":"https:\/\/crlrando.fr\/wp-content\/uploads\/2025\/10\/niveau_3_neige.jpg","contentUrl":"https:\/\/crlrando.fr\/wp-content\/uploads\/2025\/10\/niveau_3_neige.jpg","width":640,"height":480},{"@type":"BreadcrumbList","@id":"https:\/\/crlrando.fr\/index.php\/events\/le-pic-despaillat-ariege\/#breadcrumb","itemListElement":[{"@type":"ListItem","position":1,"name":"Accueil","item":"https:\/\/crlrando.fr\/"},{"@type":"ListItem","position":2,"name":"\u00c9v\u00e9nements","item":"https:\/\/crlrando.fr\/index.php\/events\/"},{"@type":"ListItem","position":3,"name":"Le pic d&rsquo;Espaillat (Ari\u00e8ge)"}]},{"@type":"WebSite","@id":"https:\/\/crlrando.fr\/#website","url":"https:\/\/crlrando.fr\/","name":"Club de randonn\u00e9e Lauragais R\u00e9gion Toulouse Pyr\u00e9en\u00e9es","description":"2026 : 238 km parcourus avec 7820 m de d\u00e9nivel\u00e9","publisher":{"@id":"https:\/\/crlrando.fr\/#organization"},"potentialAction":[{"@type":"SearchAction","target":{"@type":"EntryPoint","urlTemplate":"https:\/\/crlrando.fr\/?s={search_term_string}"},"query-input":{"@type":"PropertyValueSpecification","valueRequired":true,"valueName":"search_term_string"}}],"inLanguage":"fr-FR"},{"@type":"Organization","@id":"https:\/\/crlrando.fr\/#organization","name":"Club Randonn\u00e9es Loisirs","url":"https:\/\/crlrando.fr\/","logo":{"@type":"ImageObject","inLanguage":"fr-FR","@id":"https:\/\/crlrando.fr\/#\/schema\/logo\/image\/","url":"https:\/\/crlrando.fr\/wp-content\/uploads\/2023\/04\/SIGLE-22.4.png","contentUrl":"https:\/\/crlrando.fr\/wp-content\/uploads\/2023\/04\/SIGLE-22.4.png","width":1662,"height":1171,"caption":"Club Randonn\u00e9es Loisirs"},"image":{"@id":"https:\/\/crlrando.fr\/#\/schema\/logo\/image\/"}}]}},"_links":{"self":[{"href":"https:\/\/crlrando.fr\/index.php\/wp-json\/wp\/v2\/mec-events\/9525","targetHints":{"allow":["GET"]}}],"collection":[{"href":"https:\/\/crlrando.fr\/index.php\/wp-json\/wp\/v2\/mec-events"}],"about":[{"href":"https:\/\/crlrando.fr\/index.php\/wp-json\/wp\/v2\/types\/mec-events"}],"author":[{"embeddable":true,"href":"https:\/\/crlrando.fr\/index.php\/wp-json\/wp\/v2\/users\/3"}],"replies":[{"embeddable":true,"href":"https:\/\/crlrando.fr\/index.php\/wp-json\/wp\/v2\/comments?post=9525"}],"version-history":[{"count":3,"href":"https:\/\/crlrando.fr\/index.php\/wp-json\/wp\/v2\/mec-events\/9525\/revisions"}],"predecessor-version":[{"id":9529,"href":"https:\/\/crlrando.fr\/index.php\/wp-json\/wp\/v2\/mec-events\/9525\/revisions\/9529"}],"wp:featuredmedia":[{"embeddable":true,"href":"https:\/\/crlrando.fr\/index.php\/wp-json\/wp\/v2\/media\/9541"}],"wp:attachment":[{"href":"https:\/\/crlrando.fr\/index.php\/wp-json\/wp\/v2\/media?parent=9525"}],"wp:term":[{"taxonomy":"post_tag","embeddable":true,"href":"https:\/\/crlrando.fr\/index.php\/wp-json\/wp\/v2\/tags?post=9525"},{"taxonomy":"mec_category","embeddable":true,"href":"https:\/\/crlrando.fr\/index.php\/wp-json\/wp\/v2\/mec_category?post=9525"}],"curies":[{"name":"wp","href":"https:\/\/api.w.org\/{rel}","templated":true}]}}