{"id":8229,"date":"2025-04-21T17:47:59","date_gmt":"2025-04-21T15:47:59","guid":{"rendered":"https:\/\/crlrando.fr\/?post_type=mec-events&#038;p=8229"},"modified":"2025-05-20T09:11:17","modified_gmt":"2025-05-20T07:11:17","slug":"le-pic-de-nore-aude","status":"publish","type":"mec-events","link":"https:\/\/crlrando.fr\/index.php\/events\/le-pic-de-nore-aude\/","title":{"rendered":"Le pic de Nore (Aude)"},"content":{"rendered":"\n<blockquote class=\"wp-block-quote is-layout-flow wp-block-quote-is-layout-flow\">\n<h3 class=\"wp-block-heading\">Le Pic de Nore est le point culminant de la Montagne Noire (1211m). Son ascension est assez ais\u00e9e \u00e0 partir du village typique de Pradelles Cabard\u00e8s. Elle se fait principalement en for\u00eats de h\u00eatres avec des d\u00e9bouch\u00e9s sur des landes offrant de superbes panoramas, au Sud sur la cha\u00eene des Pyr\u00e9n\u00e9es et au Nord sur l&rsquo;Espinouse.<br>Outre le Pic de Nore d&rsquo;o\u00f9 la vue \u00e0 360\u00b0 est grandiose, ce circuit permet de visiter la \u00ab\u00a0Cabane d&rsquo;H\u00e9l\u00e8ne\u00a0\u00bb des menhirs, et les fameuses glaci\u00e8res de Pradelles.<\/h3>\n<\/blockquote>\n\n\n\n<h3 class=\"wp-block-heading has-vivid-cyan-blue-color has-text-color has-link-color wp-elements-1b68b7d731dfb35f535d48198cca2f63\"><em><a href=\"https:\/\/crlrando.fr\/wp-content\/uploads\/2025\/03\/20250506_pic_Nore.pdf\" target=\"_blank\" rel=\"noreferrer noopener\">Voir la fiche<\/a><\/em><\/h3>\n","protected":false},"excerpt":{"rendered":"<p>Le Pic de Nore est le point culminant de la Montagne Noire (1211m). Son ascension est assez ais\u00e9e \u00e0 partir du village typique de Pradelles Cabard\u00e8s. Elle se fait principalement en for\u00eats de h\u00eatres avec des d\u00e9bouch\u00e9s sur des landes offrant de superbes panoramas, au Sud sur la cha\u00eene des Pyr\u00e9n\u00e9es et au Nord sur [&hellip;]<\/p>\n","protected":false},"author":3,"featured_media":3500,"comment_status":"closed","ping_status":"closed","template":"","meta":{"site-sidebar-layout":"default","site-content-layout":"","ast-site-content-layout":"default","site-content-style":"default","site-sidebar-style":"default","ast-global-header-display":"","ast-banner-title-visibility":"","ast-main-header-display":"","ast-hfb-above-header-display":"","ast-hfb-below-header-display":"","ast-hfb-mobile-header-display":"","site-post-title":"","ast-breadcrumbs-content":"","ast-featured-img":"","footer-sml-layout":"","theme-transparent-header-meta":"","adv-header-id-meta":"","stick-header-meta":"","header-above-stick-meta":"","header-main-stick-meta":"","header-below-stick-meta":"","astra-migrate-meta-layouts":"set","ast-page-background-enabled":"default","ast-page-background-meta":{"desktop":{"background-color":"var(--ast-global-color-4)","background-image":"","background-repeat":"repeat","background-position":"center center","background-size":"auto","background-attachment":"scroll","background-type":"","background-media":"","overlay-type":"","overlay-color":"","overlay-opacity":"","overlay-gradient":""},"tablet":{"background-color":"","background-image":"","background-repeat":"repeat","background-position":"center center","background-size":"auto","background-attachment":"scroll","background-type":"","background-media":"","overlay-type":"","overlay-color":"","overlay-opacity":"","overlay-gradient":""},"mobile":{"background-color":"","background-image":"","background-repeat":"repeat","background-position":"center center","background-size":"auto","background-attachment":"scroll","background-type":"","background-media":"","overlay-type":"","overlay-color":"","overlay-opacity":"","overlay-gradient":""}},"ast-content-background-meta":{"desktop":{"background-color":"var(--ast-global-color-5)","background-image":"","background-repeat":"repeat","background-position":"center center","background-size":"auto","background-attachment":"scroll","background-type":"","background-media":"","overlay-type":"","overlay-color":"","overlay-opacity":"","overlay-gradient":""},"tablet":{"background-color":"var(--ast-global-color-5)","background-image":"","background-repeat":"repeat","background-position":"center center","background-size":"auto","background-attachment":"scroll","background-type":"","background-media":"","overlay-type":"","overlay-color":"","overlay-opacity":"","overlay-gradient":""},"mobile":{"background-color":"var(--ast-global-color-5)","background-image":"","background-repeat":"repeat","background-position":"center center","background-size":"auto","background-attachment":"scroll","background-type":"","background-media":"","overlay-type":"","overlay-color":"","overlay-opacity":"","overlay-gradient":""}}},"tags":[],"mec_category":[19],"class_list":["post-8229","mec-events","type-mec-events","status-publish","has-post-thumbnail","hentry","mec_category-niveau-2"],"yoast_head":"<!-- This site is optimized with the Yoast SEO plugin v26.8 - https:\/\/yoast.com\/product\/yoast-seo-wordpress\/ -->\n<title>Le pic de Nore (Aude) - Club de randonn\u00e9e Lauragais R\u00e9gion Toulouse Pyr\u00e9en\u00e9es<\/title>\n<meta name=\"robots\" content=\"index, follow, max-snippet:-1, max-image-preview:large, max-video-preview:-1\" \/>\n<link rel=\"canonical\" href=\"https:\/\/crlrando.fr\/index.php\/events\/le-pic-de-nore-aude\/\" class=\"yoast-seo-meta-tag\" \/>\n<meta property=\"og:locale\" content=\"fr_FR\" class=\"yoast-seo-meta-tag\" \/>\n<meta property=\"og:type\" content=\"article\" class=\"yoast-seo-meta-tag\" \/>\n<meta property=\"og:title\" content=\"Le pic de Nore (Aude) - Club de randonn\u00e9e Lauragais R\u00e9gion Toulouse Pyr\u00e9en\u00e9es\" class=\"yoast-seo-meta-tag\" \/>\n<meta property=\"og:description\" content=\"Le Pic de Nore est le point culminant de la Montagne Noire (1211m). Son ascension est assez ais\u00e9e \u00e0 partir du village typique de Pradelles Cabard\u00e8s. Elle se fait principalement en for\u00eats de h\u00eatres avec des d\u00e9bouch\u00e9s sur des landes offrant de superbes panoramas, au Sud sur la cha\u00eene des Pyr\u00e9n\u00e9es et au Nord sur [&hellip;]\" class=\"yoast-seo-meta-tag\" \/>\n<meta property=\"og:url\" content=\"https:\/\/crlrando.fr\/index.php\/events\/le-pic-de-nore-aude\/\" class=\"yoast-seo-meta-tag\" \/>\n<meta property=\"og:site_name\" content=\"Club de randonn\u00e9e Lauragais R\u00e9gion Toulouse Pyr\u00e9en\u00e9es\" class=\"yoast-seo-meta-tag\" \/>\n<meta property=\"article:modified_time\" content=\"2025-05-20T07:11:17+00:00\" class=\"yoast-seo-meta-tag\" \/>\n<meta property=\"og:image\" content=\"https:\/\/crlrando.fr\/wp-content\/uploads\/2023\/09\/niveau_2_1.jpg\" class=\"yoast-seo-meta-tag\" \/>\n\t<meta property=\"og:image:width\" content=\"640\" class=\"yoast-seo-meta-tag\" \/>\n\t<meta property=\"og:image:height\" content=\"480\" class=\"yoast-seo-meta-tag\" \/>\n\t<meta property=\"og:image:type\" content=\"image\/jpeg\" class=\"yoast-seo-meta-tag\" \/>\n<meta name=\"twitter:card\" content=\"summary_large_image\" class=\"yoast-seo-meta-tag\" \/>\n<meta name=\"twitter:label1\" content=\"Dur\u00e9e de lecture estim\u00e9e\" class=\"yoast-seo-meta-tag\" \/>\n\t<meta name=\"twitter:data1\" content=\"1 minute\" class=\"yoast-seo-meta-tag\" \/>\n<script type=\"application\/ld+json\" class=\"yoast-schema-graph\">{\"@context\":\"https:\/\/schema.org\",\"@graph\":[{\"@type\":\"WebPage\",\"@id\":\"https:\/\/crlrando.fr\/index.php\/events\/le-pic-de-nore-aude\/\",\"url\":\"https:\/\/crlrando.fr\/index.php\/events\/le-pic-de-nore-aude\/\",\"name\":\"Le pic de Nore (Aude) - Club de randonn\u00e9e Lauragais R\u00e9gion Toulouse Pyr\u00e9en\u00e9es\",\"isPartOf\":{\"@id\":\"https:\/\/crlrando.fr\/#website\"},\"primaryImageOfPage\":{\"@id\":\"https:\/\/crlrando.fr\/index.php\/events\/le-pic-de-nore-aude\/#primaryimage\"},\"image\":{\"@id\":\"https:\/\/crlrando.fr\/index.php\/events\/le-pic-de-nore-aude\/#primaryimage\"},\"thumbnailUrl\":\"https:\/\/crlrando.fr\/wp-content\/uploads\/2023\/09\/niveau_2_1.jpg\",\"datePublished\":\"2025-04-21T15:47:59+00:00\",\"dateModified\":\"2025-05-20T07:11:17+00:00\",\"breadcrumb\":{\"@id\":\"https:\/\/crlrando.fr\/index.php\/events\/le-pic-de-nore-aude\/#breadcrumb\"},\"inLanguage\":\"fr-FR\",\"potentialAction\":[{\"@type\":\"ReadAction\",\"target\":[\"https:\/\/crlrando.fr\/index.php\/events\/le-pic-de-nore-aude\/\"]}]},{\"@type\":\"ImageObject\",\"inLanguage\":\"fr-FR\",\"@id\":\"https:\/\/crlrando.fr\/index.php\/events\/le-pic-de-nore-aude\/#primaryimage\",\"url\":\"https:\/\/crlrando.fr\/wp-content\/uploads\/2023\/09\/niveau_2_1.jpg\",\"contentUrl\":\"https:\/\/crlrando.fr\/wp-content\/uploads\/2023\/09\/niveau_2_1.jpg\",\"width\":640,\"height\":480},{\"@type\":\"BreadcrumbList\",\"@id\":\"https:\/\/crlrando.fr\/index.php\/events\/le-pic-de-nore-aude\/#breadcrumb\",\"itemListElement\":[{\"@type\":\"ListItem\",\"position\":1,\"name\":\"Accueil\",\"item\":\"https:\/\/crlrando.fr\/\"},{\"@type\":\"ListItem\",\"position\":2,\"name\":\"\u00c9v\u00e9nements\",\"item\":\"https:\/\/crlrando.fr\/index.php\/events\/\"},{\"@type\":\"ListItem\",\"position\":3,\"name\":\"Le pic de Nore (Aude)\"}]},{\"@type\":\"WebSite\",\"@id\":\"https:\/\/crlrando.fr\/#website\",\"url\":\"https:\/\/crlrando.fr\/\",\"name\":\"Club de randonn\u00e9e Lauragais R\u00e9gion Toulouse Pyr\u00e9en\u00e9es\",\"description\":\"2026 : 238 km parcourus avec 7820 m de d\u00e9nivel\u00e9\",\"publisher\":{\"@id\":\"https:\/\/crlrando.fr\/#organization\"},\"potentialAction\":[{\"@type\":\"SearchAction\",\"target\":{\"@type\":\"EntryPoint\",\"urlTemplate\":\"https:\/\/crlrando.fr\/?s={search_term_string}\"},\"query-input\":{\"@type\":\"PropertyValueSpecification\",\"valueRequired\":true,\"valueName\":\"search_term_string\"}}],\"inLanguage\":\"fr-FR\"},{\"@type\":\"Organization\",\"@id\":\"https:\/\/crlrando.fr\/#organization\",\"name\":\"Club Randonn\u00e9es Loisirs\",\"url\":\"https:\/\/crlrando.fr\/\",\"logo\":{\"@type\":\"ImageObject\",\"inLanguage\":\"fr-FR\",\"@id\":\"https:\/\/crlrando.fr\/#\/schema\/logo\/image\/\",\"url\":\"https:\/\/crlrando.fr\/wp-content\/uploads\/2023\/04\/SIGLE-22.4.png\",\"contentUrl\":\"https:\/\/crlrando.fr\/wp-content\/uploads\/2023\/04\/SIGLE-22.4.png\",\"width\":1662,\"height\":1171,\"caption\":\"Club Randonn\u00e9es Loisirs\"},\"image\":{\"@id\":\"https:\/\/crlrando.fr\/#\/schema\/logo\/image\/\"}}]}<\/script>\n<!-- \/ Yoast SEO plugin. -->","yoast_head_json":{"title":"Le pic de Nore (Aude) - Club de randonn\u00e9e Lauragais R\u00e9gion Toulouse Pyr\u00e9en\u00e9es","robots":{"index":"index","follow":"follow","max-snippet":"max-snippet:-1","max-image-preview":"max-image-preview:large","max-video-preview":"max-video-preview:-1"},"canonical":"https:\/\/crlrando.fr\/index.php\/events\/le-pic-de-nore-aude\/","og_locale":"fr_FR","og_type":"article","og_title":"Le pic de Nore (Aude) - Club de randonn\u00e9e Lauragais R\u00e9gion Toulouse Pyr\u00e9en\u00e9es","og_description":"Le Pic de Nore est le point culminant de la Montagne Noire (1211m). Son ascension est assez ais\u00e9e \u00e0 partir du village typique de Pradelles Cabard\u00e8s. Elle se fait principalement en for\u00eats de h\u00eatres avec des d\u00e9bouch\u00e9s sur des landes offrant de superbes panoramas, au Sud sur la cha\u00eene des Pyr\u00e9n\u00e9es et au Nord sur [&hellip;]","og_url":"https:\/\/crlrando.fr\/index.php\/events\/le-pic-de-nore-aude\/","og_site_name":"Club de randonn\u00e9e Lauragais R\u00e9gion Toulouse Pyr\u00e9en\u00e9es","article_modified_time":"2025-05-20T07:11:17+00:00","og_image":[{"width":640,"height":480,"url":"https:\/\/crlrando.fr\/wp-content\/uploads\/2023\/09\/niveau_2_1.jpg","type":"image\/jpeg"}],"twitter_card":"summary_large_image","twitter_misc":{"Dur\u00e9e de lecture estim\u00e9e":"1 minute"},"schema":{"@context":"https:\/\/schema.org","@graph":[{"@type":"WebPage","@id":"https:\/\/crlrando.fr\/index.php\/events\/le-pic-de-nore-aude\/","url":"https:\/\/crlrando.fr\/index.php\/events\/le-pic-de-nore-aude\/","name":"Le pic de Nore (Aude) - Club de randonn\u00e9e Lauragais R\u00e9gion Toulouse Pyr\u00e9en\u00e9es","isPartOf":{"@id":"https:\/\/crlrando.fr\/#website"},"primaryImageOfPage":{"@id":"https:\/\/crlrando.fr\/index.php\/events\/le-pic-de-nore-aude\/#primaryimage"},"image":{"@id":"https:\/\/crlrando.fr\/index.php\/events\/le-pic-de-nore-aude\/#primaryimage"},"thumbnailUrl":"https:\/\/crlrando.fr\/wp-content\/uploads\/2023\/09\/niveau_2_1.jpg","datePublished":"2025-04-21T15:47:59+00:00","dateModified":"2025-05-20T07:11:17+00:00","breadcrumb":{"@id":"https:\/\/crlrando.fr\/index.php\/events\/le-pic-de-nore-aude\/#breadcrumb"},"inLanguage":"fr-FR","potentialAction":[{"@type":"ReadAction","target":["https:\/\/crlrando.fr\/index.php\/events\/le-pic-de-nore-aude\/"]}]},{"@type":"ImageObject","inLanguage":"fr-FR","@id":"https:\/\/crlrando.fr\/index.php\/events\/le-pic-de-nore-aude\/#primaryimage","url":"https:\/\/crlrando.fr\/wp-content\/uploads\/2023\/09\/niveau_2_1.jpg","contentUrl":"https:\/\/crlrando.fr\/wp-content\/uploads\/2023\/09\/niveau_2_1.jpg","width":640,"height":480},{"@type":"BreadcrumbList","@id":"https:\/\/crlrando.fr\/index.php\/events\/le-pic-de-nore-aude\/#breadcrumb","itemListElement":[{"@type":"ListItem","position":1,"name":"Accueil","item":"https:\/\/crlrando.fr\/"},{"@type":"ListItem","position":2,"name":"\u00c9v\u00e9nements","item":"https:\/\/crlrando.fr\/index.php\/events\/"},{"@type":"ListItem","position":3,"name":"Le pic de Nore (Aude)"}]},{"@type":"WebSite","@id":"https:\/\/crlrando.fr\/#website","url":"https:\/\/crlrando.fr\/","name":"Club de randonn\u00e9e Lauragais R\u00e9gion Toulouse Pyr\u00e9en\u00e9es","description":"2026 : 238 km parcourus avec 7820 m de d\u00e9nivel\u00e9","publisher":{"@id":"https:\/\/crlrando.fr\/#organization"},"potentialAction":[{"@type":"SearchAction","target":{"@type":"EntryPoint","urlTemplate":"https:\/\/crlrando.fr\/?s={search_term_string}"},"query-input":{"@type":"PropertyValueSpecification","valueRequired":true,"valueName":"search_term_string"}}],"inLanguage":"fr-FR"},{"@type":"Organization","@id":"https:\/\/crlrando.fr\/#organization","name":"Club Randonn\u00e9es Loisirs","url":"https:\/\/crlrando.fr\/","logo":{"@type":"ImageObject","inLanguage":"fr-FR","@id":"https:\/\/crlrando.fr\/#\/schema\/logo\/image\/","url":"https:\/\/crlrando.fr\/wp-content\/uploads\/2023\/04\/SIGLE-22.4.png","contentUrl":"https:\/\/crlrando.fr\/wp-content\/uploads\/2023\/04\/SIGLE-22.4.png","width":1662,"height":1171,"caption":"Club Randonn\u00e9es Loisirs"},"image":{"@id":"https:\/\/crlrando.fr\/#\/schema\/logo\/image\/"}}]}},"_links":{"self":[{"href":"https:\/\/crlrando.fr\/index.php\/wp-json\/wp\/v2\/mec-events\/8229","targetHints":{"allow":["GET"]}}],"collection":[{"href":"https:\/\/crlrando.fr\/index.php\/wp-json\/wp\/v2\/mec-events"}],"about":[{"href":"https:\/\/crlrando.fr\/index.php\/wp-json\/wp\/v2\/types\/mec-events"}],"author":[{"embeddable":true,"href":"https:\/\/crlrando.fr\/index.php\/wp-json\/wp\/v2\/users\/3"}],"replies":[{"embeddable":true,"href":"https:\/\/crlrando.fr\/index.php\/wp-json\/wp\/v2\/comments?post=8229"}],"version-history":[{"count":3,"href":"https:\/\/crlrando.fr\/index.php\/wp-json\/wp\/v2\/mec-events\/8229\/revisions"}],"predecessor-version":[{"id":8233,"href":"https:\/\/crlrando.fr\/index.php\/wp-json\/wp\/v2\/mec-events\/8229\/revisions\/8233"}],"wp:featuredmedia":[{"embeddable":true,"href":"https:\/\/crlrando.fr\/index.php\/wp-json\/wp\/v2\/media\/3500"}],"wp:attachment":[{"href":"https:\/\/crlrando.fr\/index.php\/wp-json\/wp\/v2\/media?parent=8229"}],"wp:term":[{"taxonomy":"post_tag","embeddable":true,"href":"https:\/\/crlrando.fr\/index.php\/wp-json\/wp\/v2\/tags?post=8229"},{"taxonomy":"mec_category","embeddable":true,"href":"https:\/\/crlrando.fr\/index.php\/wp-json\/wp\/v2\/mec_category?post=8229"}],"curies":[{"name":"wp","href":"https:\/\/api.w.org\/{rel}","templated":true}]}}