{"id":7519,"date":"2025-01-28T16:57:52","date_gmt":"2025-01-28T15:57:52","guid":{"rendered":"https:\/\/crlrando.fr\/?post_type=mec-events&#038;p=7519"},"modified":"2025-02-08T13:44:10","modified_gmt":"2025-02-08T12:44:10","slug":"le-sentier-des-puechs-tarn","status":"publish","type":"mec-events","link":"https:\/\/crlrando.fr\/index.php\/events\/le-sentier-des-puechs-tarn\/","title":{"rendered":"Le sentier des Puechs (Tarn)"},"content":{"rendered":"\n<blockquote class=\"wp-block-quote is-layout-flow wp-block-quote-is-layout-flow\">\n<h3 class=\"wp-block-heading\">Cette randonn\u00e9e traverse des plateaux agricoles offrant la possibilit\u00e9 de d\u00e9couvrir de beaux points de vue sur les plaines Castraises au Sud et Lautrecaises \u00e0 l&rsquo;Ouest. On traverse des prairies, des sous-bois, de petits hameaux par des chemins communaux ou de petites routes vicinales.<br>En fin de randonn\u00e9e le sentier passe au pied du ch\u00e2teau de Montfa qui fut la demeure des anc\u00eatres du peintre Henri de Toulouse-Lautrec. Son p\u00e8re y a v\u00e9cu jusqu&rsquo;au d\u00e9but du XXe si\u00e8cle. Aujourd&rsquo;hui une association s&rsquo;efforce de reconstruire ce lieu remarquable charg\u00e9 d&rsquo;histoire. Le sentier est balis\u00e9 PR<sup>\u00ae<\/sup> Jaune dans son int\u00e9gralit\u00e9.<\/h3>\n<\/blockquote>\n\n\n\n<h3 class=\"wp-block-heading has-vivid-cyan-blue-color has-text-color has-link-color wp-elements-db34b9ea42f6410d92ebc904c4b6e1c7\"><em><a href=\"https:\/\/crlrando.fr\/wp-content\/uploads\/2024\/12\/20250204_sentier_des_puechs.pdf\">Voir la fiche descriptiv<\/a><a href=\"https:\/\/crlrando.fr\/wp-content\/uploads\/2024\/12\/20250204_sentier_des_puechs.pdf\" target=\"_blank\" rel=\"noreferrer noopener\">e<\/a><\/em><\/h3>\n\n\n\n<p><\/p>\n","protected":false},"excerpt":{"rendered":"<p>Cette randonn\u00e9e traverse des plateaux agricoles offrant la possibilit\u00e9 de d\u00e9couvrir de beaux points de vue sur les plaines Castraises au Sud et Lautrecaises \u00e0 l&rsquo;Ouest. On traverse des prairies, des sous-bois, de petits hameaux par des chemins communaux ou de petites routes vicinales.En fin de randonn\u00e9e le sentier passe au pied du ch\u00e2teau de [&hellip;]<\/p>\n","protected":false},"author":3,"featured_media":7079,"comment_status":"closed","ping_status":"closed","template":"","meta":{"site-sidebar-layout":"default","site-content-layout":"","ast-site-content-layout":"default","site-content-style":"default","site-sidebar-style":"default","ast-global-header-display":"","ast-banner-title-visibility":"","ast-main-header-display":"","ast-hfb-above-header-display":"","ast-hfb-below-header-display":"","ast-hfb-mobile-header-display":"","site-post-title":"","ast-breadcrumbs-content":"","ast-featured-img":"","footer-sml-layout":"","theme-transparent-header-meta":"","adv-header-id-meta":"","stick-header-meta":"","header-above-stick-meta":"","header-main-stick-meta":"","header-below-stick-meta":"","astra-migrate-meta-layouts":"set","ast-page-background-enabled":"default","ast-page-background-meta":{"desktop":{"background-color":"var(--ast-global-color-4)","background-image":"","background-repeat":"repeat","background-position":"center center","background-size":"auto","background-attachment":"scroll","background-type":"","background-media":"","overlay-type":"","overlay-color":"","overlay-opacity":"","overlay-gradient":""},"tablet":{"background-color":"","background-image":"","background-repeat":"repeat","background-position":"center center","background-size":"auto","background-attachment":"scroll","background-type":"","background-media":"","overlay-type":"","overlay-color":"","overlay-opacity":"","overlay-gradient":""},"mobile":{"background-color":"","background-image":"","background-repeat":"repeat","background-position":"center center","background-size":"auto","background-attachment":"scroll","background-type":"","background-media":"","overlay-type":"","overlay-color":"","overlay-opacity":"","overlay-gradient":""}},"ast-content-background-meta":{"desktop":{"background-color":"var(--ast-global-color-5)","background-image":"","background-repeat":"repeat","background-position":"center center","background-size":"auto","background-attachment":"scroll","background-type":"","background-media":"","overlay-type":"","overlay-color":"","overlay-opacity":"","overlay-gradient":""},"tablet":{"background-color":"var(--ast-global-color-5)","background-image":"","background-repeat":"repeat","background-position":"center center","background-size":"auto","background-attachment":"scroll","background-type":"","background-media":"","overlay-type":"","overlay-color":"","overlay-opacity":"","overlay-gradient":""},"mobile":{"background-color":"var(--ast-global-color-5)","background-image":"","background-repeat":"repeat","background-position":"center center","background-size":"auto","background-attachment":"scroll","background-type":"","background-media":"","overlay-type":"","overlay-color":"","overlay-opacity":"","overlay-gradient":""}}},"tags":[],"mec_category":[18],"class_list":["post-7519","mec-events","type-mec-events","status-publish","has-post-thumbnail","hentry","mec_category-niveau-1"],"yoast_head":"<!-- This site is optimized with the Yoast SEO plugin v26.8 - https:\/\/yoast.com\/product\/yoast-seo-wordpress\/ -->\n<title>Le sentier des Puechs (Tarn) - Club de randonn\u00e9e Lauragais R\u00e9gion Toulouse Pyr\u00e9en\u00e9es<\/title>\n<meta name=\"robots\" content=\"index, follow, max-snippet:-1, max-image-preview:large, max-video-preview:-1\" \/>\n<link rel=\"canonical\" href=\"https:\/\/crlrando.fr\/index.php\/events\/le-sentier-des-puechs-tarn\/\" class=\"yoast-seo-meta-tag\" \/>\n<meta property=\"og:locale\" content=\"fr_FR\" class=\"yoast-seo-meta-tag\" \/>\n<meta property=\"og:type\" content=\"article\" class=\"yoast-seo-meta-tag\" \/>\n<meta property=\"og:title\" content=\"Le sentier des Puechs (Tarn) - Club de randonn\u00e9e Lauragais R\u00e9gion Toulouse Pyr\u00e9en\u00e9es\" class=\"yoast-seo-meta-tag\" \/>\n<meta property=\"og:description\" content=\"Cette randonn\u00e9e traverse des plateaux agricoles offrant la possibilit\u00e9 de d\u00e9couvrir de beaux points de vue sur les plaines Castraises au Sud et Lautrecaises \u00e0 l&rsquo;Ouest. On traverse des prairies, des sous-bois, de petits hameaux par des chemins communaux ou de petites routes vicinales.En fin de randonn\u00e9e le sentier passe au pied du ch\u00e2teau de [&hellip;]\" class=\"yoast-seo-meta-tag\" \/>\n<meta property=\"og:url\" content=\"https:\/\/crlrando.fr\/index.php\/events\/le-sentier-des-puechs-tarn\/\" class=\"yoast-seo-meta-tag\" \/>\n<meta property=\"og:site_name\" content=\"Club de randonn\u00e9e Lauragais R\u00e9gion Toulouse Pyr\u00e9en\u00e9es\" class=\"yoast-seo-meta-tag\" \/>\n<meta property=\"article:modified_time\" content=\"2025-02-08T12:44:10+00:00\" class=\"yoast-seo-meta-tag\" \/>\n<meta property=\"og:image\" content=\"https:\/\/crlrando.fr\/wp-content\/uploads\/2024\/10\/chemin_lande.jpg\" class=\"yoast-seo-meta-tag\" \/>\n\t<meta property=\"og:image:width\" content=\"390\" class=\"yoast-seo-meta-tag\" \/>\n\t<meta property=\"og:image:height\" content=\"261\" class=\"yoast-seo-meta-tag\" \/>\n\t<meta property=\"og:image:type\" content=\"image\/jpeg\" class=\"yoast-seo-meta-tag\" \/>\n<meta name=\"twitter:card\" content=\"summary_large_image\" class=\"yoast-seo-meta-tag\" \/>\n<meta name=\"twitter:label1\" content=\"Dur\u00e9e de lecture estim\u00e9e\" class=\"yoast-seo-meta-tag\" \/>\n\t<meta name=\"twitter:data1\" content=\"1 minute\" class=\"yoast-seo-meta-tag\" \/>\n<script type=\"application\/ld+json\" class=\"yoast-schema-graph\">{\"@context\":\"https:\/\/schema.org\",\"@graph\":[{\"@type\":\"WebPage\",\"@id\":\"https:\/\/crlrando.fr\/index.php\/events\/le-sentier-des-puechs-tarn\/\",\"url\":\"https:\/\/crlrando.fr\/index.php\/events\/le-sentier-des-puechs-tarn\/\",\"name\":\"Le sentier des Puechs (Tarn) - Club de randonn\u00e9e Lauragais R\u00e9gion Toulouse Pyr\u00e9en\u00e9es\",\"isPartOf\":{\"@id\":\"https:\/\/crlrando.fr\/#website\"},\"primaryImageOfPage\":{\"@id\":\"https:\/\/crlrando.fr\/index.php\/events\/le-sentier-des-puechs-tarn\/#primaryimage\"},\"image\":{\"@id\":\"https:\/\/crlrando.fr\/index.php\/events\/le-sentier-des-puechs-tarn\/#primaryimage\"},\"thumbnailUrl\":\"https:\/\/crlrando.fr\/wp-content\/uploads\/2024\/10\/chemin_lande.jpg\",\"datePublished\":\"2025-01-28T15:57:52+00:00\",\"dateModified\":\"2025-02-08T12:44:10+00:00\",\"breadcrumb\":{\"@id\":\"https:\/\/crlrando.fr\/index.php\/events\/le-sentier-des-puechs-tarn\/#breadcrumb\"},\"inLanguage\":\"fr-FR\",\"potentialAction\":[{\"@type\":\"ReadAction\",\"target\":[\"https:\/\/crlrando.fr\/index.php\/events\/le-sentier-des-puechs-tarn\/\"]}]},{\"@type\":\"ImageObject\",\"inLanguage\":\"fr-FR\",\"@id\":\"https:\/\/crlrando.fr\/index.php\/events\/le-sentier-des-puechs-tarn\/#primaryimage\",\"url\":\"https:\/\/crlrando.fr\/wp-content\/uploads\/2024\/10\/chemin_lande.jpg\",\"contentUrl\":\"https:\/\/crlrando.fr\/wp-content\/uploads\/2024\/10\/chemin_lande.jpg\",\"width\":390,\"height\":261},{\"@type\":\"BreadcrumbList\",\"@id\":\"https:\/\/crlrando.fr\/index.php\/events\/le-sentier-des-puechs-tarn\/#breadcrumb\",\"itemListElement\":[{\"@type\":\"ListItem\",\"position\":1,\"name\":\"Accueil\",\"item\":\"https:\/\/crlrando.fr\/\"},{\"@type\":\"ListItem\",\"position\":2,\"name\":\"\u00c9v\u00e9nements\",\"item\":\"https:\/\/crlrando.fr\/index.php\/events\/\"},{\"@type\":\"ListItem\",\"position\":3,\"name\":\"Le sentier des Puechs (Tarn)\"}]},{\"@type\":\"WebSite\",\"@id\":\"https:\/\/crlrando.fr\/#website\",\"url\":\"https:\/\/crlrando.fr\/\",\"name\":\"Club de randonn\u00e9e Lauragais R\u00e9gion Toulouse Pyr\u00e9en\u00e9es\",\"description\":\"2026 : 238 km parcourus avec 7820 m de d\u00e9nivel\u00e9\",\"publisher\":{\"@id\":\"https:\/\/crlrando.fr\/#organization\"},\"potentialAction\":[{\"@type\":\"SearchAction\",\"target\":{\"@type\":\"EntryPoint\",\"urlTemplate\":\"https:\/\/crlrando.fr\/?s={search_term_string}\"},\"query-input\":{\"@type\":\"PropertyValueSpecification\",\"valueRequired\":true,\"valueName\":\"search_term_string\"}}],\"inLanguage\":\"fr-FR\"},{\"@type\":\"Organization\",\"@id\":\"https:\/\/crlrando.fr\/#organization\",\"name\":\"Club Randonn\u00e9es Loisirs\",\"url\":\"https:\/\/crlrando.fr\/\",\"logo\":{\"@type\":\"ImageObject\",\"inLanguage\":\"fr-FR\",\"@id\":\"https:\/\/crlrando.fr\/#\/schema\/logo\/image\/\",\"url\":\"https:\/\/crlrando.fr\/wp-content\/uploads\/2023\/04\/SIGLE-22.4.png\",\"contentUrl\":\"https:\/\/crlrando.fr\/wp-content\/uploads\/2023\/04\/SIGLE-22.4.png\",\"width\":1662,\"height\":1171,\"caption\":\"Club Randonn\u00e9es Loisirs\"},\"image\":{\"@id\":\"https:\/\/crlrando.fr\/#\/schema\/logo\/image\/\"}}]}<\/script>\n<!-- \/ Yoast SEO plugin. -->","yoast_head_json":{"title":"Le sentier des Puechs (Tarn) - Club de randonn\u00e9e Lauragais R\u00e9gion Toulouse Pyr\u00e9en\u00e9es","robots":{"index":"index","follow":"follow","max-snippet":"max-snippet:-1","max-image-preview":"max-image-preview:large","max-video-preview":"max-video-preview:-1"},"canonical":"https:\/\/crlrando.fr\/index.php\/events\/le-sentier-des-puechs-tarn\/","og_locale":"fr_FR","og_type":"article","og_title":"Le sentier des Puechs (Tarn) - Club de randonn\u00e9e Lauragais R\u00e9gion Toulouse Pyr\u00e9en\u00e9es","og_description":"Cette randonn\u00e9e traverse des plateaux agricoles offrant la possibilit\u00e9 de d\u00e9couvrir de beaux points de vue sur les plaines Castraises au Sud et Lautrecaises \u00e0 l&rsquo;Ouest. On traverse des prairies, des sous-bois, de petits hameaux par des chemins communaux ou de petites routes vicinales.En fin de randonn\u00e9e le sentier passe au pied du ch\u00e2teau de [&hellip;]","og_url":"https:\/\/crlrando.fr\/index.php\/events\/le-sentier-des-puechs-tarn\/","og_site_name":"Club de randonn\u00e9e Lauragais R\u00e9gion Toulouse Pyr\u00e9en\u00e9es","article_modified_time":"2025-02-08T12:44:10+00:00","og_image":[{"width":390,"height":261,"url":"https:\/\/crlrando.fr\/wp-content\/uploads\/2024\/10\/chemin_lande.jpg","type":"image\/jpeg"}],"twitter_card":"summary_large_image","twitter_misc":{"Dur\u00e9e de lecture estim\u00e9e":"1 minute"},"schema":{"@context":"https:\/\/schema.org","@graph":[{"@type":"WebPage","@id":"https:\/\/crlrando.fr\/index.php\/events\/le-sentier-des-puechs-tarn\/","url":"https:\/\/crlrando.fr\/index.php\/events\/le-sentier-des-puechs-tarn\/","name":"Le sentier des Puechs (Tarn) - Club de randonn\u00e9e Lauragais R\u00e9gion Toulouse Pyr\u00e9en\u00e9es","isPartOf":{"@id":"https:\/\/crlrando.fr\/#website"},"primaryImageOfPage":{"@id":"https:\/\/crlrando.fr\/index.php\/events\/le-sentier-des-puechs-tarn\/#primaryimage"},"image":{"@id":"https:\/\/crlrando.fr\/index.php\/events\/le-sentier-des-puechs-tarn\/#primaryimage"},"thumbnailUrl":"https:\/\/crlrando.fr\/wp-content\/uploads\/2024\/10\/chemin_lande.jpg","datePublished":"2025-01-28T15:57:52+00:00","dateModified":"2025-02-08T12:44:10+00:00","breadcrumb":{"@id":"https:\/\/crlrando.fr\/index.php\/events\/le-sentier-des-puechs-tarn\/#breadcrumb"},"inLanguage":"fr-FR","potentialAction":[{"@type":"ReadAction","target":["https:\/\/crlrando.fr\/index.php\/events\/le-sentier-des-puechs-tarn\/"]}]},{"@type":"ImageObject","inLanguage":"fr-FR","@id":"https:\/\/crlrando.fr\/index.php\/events\/le-sentier-des-puechs-tarn\/#primaryimage","url":"https:\/\/crlrando.fr\/wp-content\/uploads\/2024\/10\/chemin_lande.jpg","contentUrl":"https:\/\/crlrando.fr\/wp-content\/uploads\/2024\/10\/chemin_lande.jpg","width":390,"height":261},{"@type":"BreadcrumbList","@id":"https:\/\/crlrando.fr\/index.php\/events\/le-sentier-des-puechs-tarn\/#breadcrumb","itemListElement":[{"@type":"ListItem","position":1,"name":"Accueil","item":"https:\/\/crlrando.fr\/"},{"@type":"ListItem","position":2,"name":"\u00c9v\u00e9nements","item":"https:\/\/crlrando.fr\/index.php\/events\/"},{"@type":"ListItem","position":3,"name":"Le sentier des Puechs (Tarn)"}]},{"@type":"WebSite","@id":"https:\/\/crlrando.fr\/#website","url":"https:\/\/crlrando.fr\/","name":"Club de randonn\u00e9e Lauragais R\u00e9gion Toulouse Pyr\u00e9en\u00e9es","description":"2026 : 238 km parcourus avec 7820 m de d\u00e9nivel\u00e9","publisher":{"@id":"https:\/\/crlrando.fr\/#organization"},"potentialAction":[{"@type":"SearchAction","target":{"@type":"EntryPoint","urlTemplate":"https:\/\/crlrando.fr\/?s={search_term_string}"},"query-input":{"@type":"PropertyValueSpecification","valueRequired":true,"valueName":"search_term_string"}}],"inLanguage":"fr-FR"},{"@type":"Organization","@id":"https:\/\/crlrando.fr\/#organization","name":"Club Randonn\u00e9es Loisirs","url":"https:\/\/crlrando.fr\/","logo":{"@type":"ImageObject","inLanguage":"fr-FR","@id":"https:\/\/crlrando.fr\/#\/schema\/logo\/image\/","url":"https:\/\/crlrando.fr\/wp-content\/uploads\/2023\/04\/SIGLE-22.4.png","contentUrl":"https:\/\/crlrando.fr\/wp-content\/uploads\/2023\/04\/SIGLE-22.4.png","width":1662,"height":1171,"caption":"Club Randonn\u00e9es Loisirs"},"image":{"@id":"https:\/\/crlrando.fr\/#\/schema\/logo\/image\/"}}]}},"_links":{"self":[{"href":"https:\/\/crlrando.fr\/index.php\/wp-json\/wp\/v2\/mec-events\/7519","targetHints":{"allow":["GET"]}}],"collection":[{"href":"https:\/\/crlrando.fr\/index.php\/wp-json\/wp\/v2\/mec-events"}],"about":[{"href":"https:\/\/crlrando.fr\/index.php\/wp-json\/wp\/v2\/types\/mec-events"}],"author":[{"embeddable":true,"href":"https:\/\/crlrando.fr\/index.php\/wp-json\/wp\/v2\/users\/3"}],"replies":[{"embeddable":true,"href":"https:\/\/crlrando.fr\/index.php\/wp-json\/wp\/v2\/comments?post=7519"}],"version-history":[{"count":3,"href":"https:\/\/crlrando.fr\/index.php\/wp-json\/wp\/v2\/mec-events\/7519\/revisions"}],"predecessor-version":[{"id":7523,"href":"https:\/\/crlrando.fr\/index.php\/wp-json\/wp\/v2\/mec-events\/7519\/revisions\/7523"}],"wp:featuredmedia":[{"embeddable":true,"href":"https:\/\/crlrando.fr\/index.php\/wp-json\/wp\/v2\/media\/7079"}],"wp:attachment":[{"href":"https:\/\/crlrando.fr\/index.php\/wp-json\/wp\/v2\/media?parent=7519"}],"wp:term":[{"taxonomy":"post_tag","embeddable":true,"href":"https:\/\/crlrando.fr\/index.php\/wp-json\/wp\/v2\/tags?post=7519"},{"taxonomy":"mec_category","embeddable":true,"href":"https:\/\/crlrando.fr\/index.php\/wp-json\/wp\/v2\/mec_category?post=7519"}],"curies":[{"name":"wp","href":"https:\/\/api.w.org\/{rel}","templated":true}]}}