{"id":4771,"date":"2024-01-17T11:48:56","date_gmt":"2024-01-17T10:48:56","guid":{"rendered":"https:\/\/crlrando.fr\/?post_type=mec-events&#038;p=4771"},"modified":"2024-02-27T09:39:16","modified_gmt":"2024-02-27T08:39:16","slug":"grande-randonnee-vers-paris","status":"publish","type":"mec-events","link":"https:\/\/crlrando.fr\/index.php\/events\/grande-randonnee-vers-paris\/","title":{"rendered":"Grande randonn\u00e9e vers Paris"},"content":{"rendered":"\n<blockquote class=\"wp-block-quote is-layout-flow wp-block-quote-is-layout-flow\">\n<h3 class=\"wp-block-heading\">L&rsquo;annonce des Jeux Olympiques et Paralympiques de Paris 2024, qui a fait l\u2019objet d\u2019une s\u00e9quence lors de notre dernier Congr\u00e8s, aura permis \u00e0 la FFRandonn\u00e9e de proposer \u00e0 nos concitoyens, et aux randonneurs en particulier sa <strong>\u00ab Grande Randonn\u00e9e vers Paris \u00bb<\/strong>. Gr\u00e2ce \u00e0 cet \u00e9v\u00e8nement national in\u00e9dit, participatif, cr\u00e9atif, solidaire et \u00e9co-responsable au printemps 2024, notre f\u00e9d\u00e9ration et son r\u00e9seau de GR\u00ae pourra asseoir davantage sa notori\u00e9t\u00e9 tout en valorisant l\u2019engagement, le savoir-faire et l\u2019expertise de l\u2019ensemble de ses b\u00e9n\u00e9voles.<\/h3>\n\n\n\n<p><\/p>\n\n\n\n<h3 class=\"wp-block-heading has-vivid-red-color has-text-color has-link-color wp-elements-7e916c82dab69fe7003e2762a4c213a6\"><em>Inscriptions avant le 15 f\u00e9vrier 2024<\/em><\/h3>\n<\/blockquote>\n\n\n\n<h3 class=\"wp-block-heading has-vivid-cyan-blue-color has-text-color has-link-color wp-elements-2d80c9941ae956d1c1625c06b5cceba5\"><em><a href=\"https:\/\/crlrando.fr\/wp-content\/uploads\/2024\/01\/20240220-RANDO-VERS-PARIS-VERFEIL-MONTASTRUC-1.pdf\" target=\"_blank\" rel=\"noreferrer noopener\">Voir la fiche pour plus de pr\u00e9cisions<\/a><\/em><\/h3>\n","protected":false},"excerpt":{"rendered":"<p>L&rsquo;annonce des Jeux Olympiques et Paralympiques de Paris 2024, qui a fait l\u2019objet d\u2019une s\u00e9quence lors de notre dernier Congr\u00e8s, aura permis \u00e0 la FFRandonn\u00e9e de proposer \u00e0 nos concitoyens, et aux randonneurs en particulier sa \u00ab Grande Randonn\u00e9e vers Paris \u00bb. Gr\u00e2ce \u00e0 cet \u00e9v\u00e8nement national in\u00e9dit, participatif, cr\u00e9atif, solidaire et \u00e9co-responsable au printemps [&hellip;]<\/p>\n","protected":false},"author":3,"featured_media":4773,"comment_status":"closed","ping_status":"closed","template":"","meta":{"site-sidebar-layout":"default","site-content-layout":"","ast-site-content-layout":"default","site-content-style":"default","site-sidebar-style":"default","ast-global-header-display":"","ast-banner-title-visibility":"","ast-main-header-display":"","ast-hfb-above-header-display":"","ast-hfb-below-header-display":"","ast-hfb-mobile-header-display":"","site-post-title":"disabled","ast-breadcrumbs-content":"","ast-featured-img":"","footer-sml-layout":"","theme-transparent-header-meta":"","adv-header-id-meta":"","stick-header-meta":"","header-above-stick-meta":"","header-main-stick-meta":"","header-below-stick-meta":"","astra-migrate-meta-layouts":"set","ast-page-background-enabled":"default","ast-page-background-meta":{"desktop":{"background-color":"var(--ast-global-color-4)","background-image":"","background-repeat":"repeat","background-position":"center center","background-size":"auto","background-attachment":"scroll","background-type":"","background-media":"","overlay-type":"","overlay-color":"","overlay-opacity":"","overlay-gradient":""},"tablet":{"background-color":"","background-image":"","background-repeat":"repeat","background-position":"center center","background-size":"auto","background-attachment":"scroll","background-type":"","background-media":"","overlay-type":"","overlay-color":"","overlay-opacity":"","overlay-gradient":""},"mobile":{"background-color":"","background-image":"","background-repeat":"repeat","background-position":"center center","background-size":"auto","background-attachment":"scroll","background-type":"","background-media":"","overlay-type":"","overlay-color":"","overlay-opacity":"","overlay-gradient":""}},"ast-content-background-meta":{"desktop":{"background-color":"var(--ast-global-color-5)","background-image":"","background-repeat":"repeat","background-position":"center center","background-size":"auto","background-attachment":"scroll","background-type":"","background-media":"","overlay-type":"","overlay-color":"","overlay-opacity":"","overlay-gradient":""},"tablet":{"background-color":"var(--ast-global-color-5)","background-image":"","background-repeat":"repeat","background-position":"center center","background-size":"auto","background-attachment":"scroll","background-type":"","background-media":"","overlay-type":"","overlay-color":"","overlay-opacity":"","overlay-gradient":""},"mobile":{"background-color":"var(--ast-global-color-5)","background-image":"","background-repeat":"repeat","background-position":"center center","background-size":"auto","background-attachment":"scroll","background-type":"","background-media":"","overlay-type":"","overlay-color":"","overlay-opacity":"","overlay-gradient":""}}},"tags":[],"mec_category":[18,32],"class_list":["post-4771","mec-events","type-mec-events","status-publish","has-post-thumbnail","hentry","mec_category-niveau-1","mec_category-sortie-a-theme"],"yoast_head":"<!-- This site is optimized with the Yoast SEO plugin v26.8 - https:\/\/yoast.com\/product\/yoast-seo-wordpress\/ -->\n<title>Grande randonn\u00e9e vers Paris - Club de randonn\u00e9e Lauragais R\u00e9gion Toulouse Pyr\u00e9en\u00e9es<\/title>\n<meta name=\"robots\" content=\"index, follow, max-snippet:-1, max-image-preview:large, max-video-preview:-1\" \/>\n<link rel=\"canonical\" href=\"https:\/\/crlrando.fr\/index.php\/events\/grande-randonnee-vers-paris\/\" class=\"yoast-seo-meta-tag\" \/>\n<meta property=\"og:locale\" content=\"fr_FR\" class=\"yoast-seo-meta-tag\" \/>\n<meta property=\"og:type\" content=\"article\" class=\"yoast-seo-meta-tag\" \/>\n<meta property=\"og:title\" content=\"Grande randonn\u00e9e vers Paris - Club de randonn\u00e9e Lauragais R\u00e9gion Toulouse Pyr\u00e9en\u00e9es\" class=\"yoast-seo-meta-tag\" \/>\n<meta property=\"og:description\" content=\"L&rsquo;annonce des Jeux Olympiques et Paralympiques de Paris 2024, qui a fait l\u2019objet d\u2019une s\u00e9quence lors de notre dernier Congr\u00e8s, aura permis \u00e0 la FFRandonn\u00e9e de proposer \u00e0 nos concitoyens, et aux randonneurs en particulier sa \u00ab Grande Randonn\u00e9e vers Paris \u00bb. Gr\u00e2ce \u00e0 cet \u00e9v\u00e8nement national in\u00e9dit, participatif, cr\u00e9atif, solidaire et \u00e9co-responsable au printemps [&hellip;]\" class=\"yoast-seo-meta-tag\" \/>\n<meta property=\"og:url\" content=\"https:\/\/crlrando.fr\/index.php\/events\/grande-randonnee-vers-paris\/\" class=\"yoast-seo-meta-tag\" \/>\n<meta property=\"og:site_name\" content=\"Club de randonn\u00e9e Lauragais R\u00e9gion Toulouse Pyr\u00e9en\u00e9es\" class=\"yoast-seo-meta-tag\" \/>\n<meta property=\"article:modified_time\" content=\"2024-02-27T08:39:16+00:00\" class=\"yoast-seo-meta-tag\" \/>\n<meta property=\"og:image\" content=\"https:\/\/crlrando.fr\/wp-content\/uploads\/2024\/01\/rando_Paris-scaled.jpg\" class=\"yoast-seo-meta-tag\" \/>\n\t<meta property=\"og:image:width\" content=\"2560\" class=\"yoast-seo-meta-tag\" \/>\n\t<meta property=\"og:image:height\" content=\"1441\" class=\"yoast-seo-meta-tag\" \/>\n\t<meta property=\"og:image:type\" content=\"image\/jpeg\" class=\"yoast-seo-meta-tag\" \/>\n<meta name=\"twitter:card\" content=\"summary_large_image\" class=\"yoast-seo-meta-tag\" \/>\n<meta name=\"twitter:label1\" content=\"Dur\u00e9e de lecture estim\u00e9e\" class=\"yoast-seo-meta-tag\" \/>\n\t<meta name=\"twitter:data1\" content=\"1 minute\" class=\"yoast-seo-meta-tag\" \/>\n<script type=\"application\/ld+json\" class=\"yoast-schema-graph\">{\"@context\":\"https:\/\/schema.org\",\"@graph\":[{\"@type\":\"WebPage\",\"@id\":\"https:\/\/crlrando.fr\/index.php\/events\/grande-randonnee-vers-paris\/\",\"url\":\"https:\/\/crlrando.fr\/index.php\/events\/grande-randonnee-vers-paris\/\",\"name\":\"Grande randonn\u00e9e vers Paris - Club de randonn\u00e9e Lauragais R\u00e9gion Toulouse Pyr\u00e9en\u00e9es\",\"isPartOf\":{\"@id\":\"https:\/\/crlrando.fr\/#website\"},\"primaryImageOfPage\":{\"@id\":\"https:\/\/crlrando.fr\/index.php\/events\/grande-randonnee-vers-paris\/#primaryimage\"},\"image\":{\"@id\":\"https:\/\/crlrando.fr\/index.php\/events\/grande-randonnee-vers-paris\/#primaryimage\"},\"thumbnailUrl\":\"https:\/\/crlrando.fr\/wp-content\/uploads\/2024\/01\/rando_Paris-scaled.jpg\",\"datePublished\":\"2024-01-17T10:48:56+00:00\",\"dateModified\":\"2024-02-27T08:39:16+00:00\",\"breadcrumb\":{\"@id\":\"https:\/\/crlrando.fr\/index.php\/events\/grande-randonnee-vers-paris\/#breadcrumb\"},\"inLanguage\":\"fr-FR\",\"potentialAction\":[{\"@type\":\"ReadAction\",\"target\":[\"https:\/\/crlrando.fr\/index.php\/events\/grande-randonnee-vers-paris\/\"]}]},{\"@type\":\"ImageObject\",\"inLanguage\":\"fr-FR\",\"@id\":\"https:\/\/crlrando.fr\/index.php\/events\/grande-randonnee-vers-paris\/#primaryimage\",\"url\":\"https:\/\/crlrando.fr\/wp-content\/uploads\/2024\/01\/rando_Paris-scaled.jpg\",\"contentUrl\":\"https:\/\/crlrando.fr\/wp-content\/uploads\/2024\/01\/rando_Paris-scaled.jpg\",\"width\":2560,\"height\":1441},{\"@type\":\"BreadcrumbList\",\"@id\":\"https:\/\/crlrando.fr\/index.php\/events\/grande-randonnee-vers-paris\/#breadcrumb\",\"itemListElement\":[{\"@type\":\"ListItem\",\"position\":1,\"name\":\"Accueil\",\"item\":\"https:\/\/crlrando.fr\/\"},{\"@type\":\"ListItem\",\"position\":2,\"name\":\"\u00c9v\u00e9nements\",\"item\":\"https:\/\/crlrando.fr\/index.php\/events\/\"},{\"@type\":\"ListItem\",\"position\":3,\"name\":\"Grande randonn\u00e9e vers Paris\"}]},{\"@type\":\"WebSite\",\"@id\":\"https:\/\/crlrando.fr\/#website\",\"url\":\"https:\/\/crlrando.fr\/\",\"name\":\"Club de randonn\u00e9e Lauragais R\u00e9gion Toulouse Pyr\u00e9en\u00e9es\",\"description\":\"2026 : 238 km parcourus avec 7820 m de d\u00e9nivel\u00e9\",\"publisher\":{\"@id\":\"https:\/\/crlrando.fr\/#organization\"},\"potentialAction\":[{\"@type\":\"SearchAction\",\"target\":{\"@type\":\"EntryPoint\",\"urlTemplate\":\"https:\/\/crlrando.fr\/?s={search_term_string}\"},\"query-input\":{\"@type\":\"PropertyValueSpecification\",\"valueRequired\":true,\"valueName\":\"search_term_string\"}}],\"inLanguage\":\"fr-FR\"},{\"@type\":\"Organization\",\"@id\":\"https:\/\/crlrando.fr\/#organization\",\"name\":\"Club Randonn\u00e9es Loisirs\",\"url\":\"https:\/\/crlrando.fr\/\",\"logo\":{\"@type\":\"ImageObject\",\"inLanguage\":\"fr-FR\",\"@id\":\"https:\/\/crlrando.fr\/#\/schema\/logo\/image\/\",\"url\":\"https:\/\/crlrando.fr\/wp-content\/uploads\/2023\/04\/SIGLE-22.4.png\",\"contentUrl\":\"https:\/\/crlrando.fr\/wp-content\/uploads\/2023\/04\/SIGLE-22.4.png\",\"width\":1662,\"height\":1171,\"caption\":\"Club Randonn\u00e9es Loisirs\"},\"image\":{\"@id\":\"https:\/\/crlrando.fr\/#\/schema\/logo\/image\/\"}}]}<\/script>\n<!-- \/ Yoast SEO plugin. -->","yoast_head_json":{"title":"Grande randonn\u00e9e vers Paris - Club de randonn\u00e9e Lauragais R\u00e9gion Toulouse Pyr\u00e9en\u00e9es","robots":{"index":"index","follow":"follow","max-snippet":"max-snippet:-1","max-image-preview":"max-image-preview:large","max-video-preview":"max-video-preview:-1"},"canonical":"https:\/\/crlrando.fr\/index.php\/events\/grande-randonnee-vers-paris\/","og_locale":"fr_FR","og_type":"article","og_title":"Grande randonn\u00e9e vers Paris - Club de randonn\u00e9e Lauragais R\u00e9gion Toulouse Pyr\u00e9en\u00e9es","og_description":"L&rsquo;annonce des Jeux Olympiques et Paralympiques de Paris 2024, qui a fait l\u2019objet d\u2019une s\u00e9quence lors de notre dernier Congr\u00e8s, aura permis \u00e0 la FFRandonn\u00e9e de proposer \u00e0 nos concitoyens, et aux randonneurs en particulier sa \u00ab Grande Randonn\u00e9e vers Paris \u00bb. Gr\u00e2ce \u00e0 cet \u00e9v\u00e8nement national in\u00e9dit, participatif, cr\u00e9atif, solidaire et \u00e9co-responsable au printemps [&hellip;]","og_url":"https:\/\/crlrando.fr\/index.php\/events\/grande-randonnee-vers-paris\/","og_site_name":"Club de randonn\u00e9e Lauragais R\u00e9gion Toulouse Pyr\u00e9en\u00e9es","article_modified_time":"2024-02-27T08:39:16+00:00","og_image":[{"width":2560,"height":1441,"url":"https:\/\/crlrando.fr\/wp-content\/uploads\/2024\/01\/rando_Paris-scaled.jpg","type":"image\/jpeg"}],"twitter_card":"summary_large_image","twitter_misc":{"Dur\u00e9e de lecture estim\u00e9e":"1 minute"},"schema":{"@context":"https:\/\/schema.org","@graph":[{"@type":"WebPage","@id":"https:\/\/crlrando.fr\/index.php\/events\/grande-randonnee-vers-paris\/","url":"https:\/\/crlrando.fr\/index.php\/events\/grande-randonnee-vers-paris\/","name":"Grande randonn\u00e9e vers Paris - Club de randonn\u00e9e Lauragais R\u00e9gion Toulouse Pyr\u00e9en\u00e9es","isPartOf":{"@id":"https:\/\/crlrando.fr\/#website"},"primaryImageOfPage":{"@id":"https:\/\/crlrando.fr\/index.php\/events\/grande-randonnee-vers-paris\/#primaryimage"},"image":{"@id":"https:\/\/crlrando.fr\/index.php\/events\/grande-randonnee-vers-paris\/#primaryimage"},"thumbnailUrl":"https:\/\/crlrando.fr\/wp-content\/uploads\/2024\/01\/rando_Paris-scaled.jpg","datePublished":"2024-01-17T10:48:56+00:00","dateModified":"2024-02-27T08:39:16+00:00","breadcrumb":{"@id":"https:\/\/crlrando.fr\/index.php\/events\/grande-randonnee-vers-paris\/#breadcrumb"},"inLanguage":"fr-FR","potentialAction":[{"@type":"ReadAction","target":["https:\/\/crlrando.fr\/index.php\/events\/grande-randonnee-vers-paris\/"]}]},{"@type":"ImageObject","inLanguage":"fr-FR","@id":"https:\/\/crlrando.fr\/index.php\/events\/grande-randonnee-vers-paris\/#primaryimage","url":"https:\/\/crlrando.fr\/wp-content\/uploads\/2024\/01\/rando_Paris-scaled.jpg","contentUrl":"https:\/\/crlrando.fr\/wp-content\/uploads\/2024\/01\/rando_Paris-scaled.jpg","width":2560,"height":1441},{"@type":"BreadcrumbList","@id":"https:\/\/crlrando.fr\/index.php\/events\/grande-randonnee-vers-paris\/#breadcrumb","itemListElement":[{"@type":"ListItem","position":1,"name":"Accueil","item":"https:\/\/crlrando.fr\/"},{"@type":"ListItem","position":2,"name":"\u00c9v\u00e9nements","item":"https:\/\/crlrando.fr\/index.php\/events\/"},{"@type":"ListItem","position":3,"name":"Grande randonn\u00e9e vers Paris"}]},{"@type":"WebSite","@id":"https:\/\/crlrando.fr\/#website","url":"https:\/\/crlrando.fr\/","name":"Club de randonn\u00e9e Lauragais R\u00e9gion Toulouse Pyr\u00e9en\u00e9es","description":"2026 : 238 km parcourus avec 7820 m de d\u00e9nivel\u00e9","publisher":{"@id":"https:\/\/crlrando.fr\/#organization"},"potentialAction":[{"@type":"SearchAction","target":{"@type":"EntryPoint","urlTemplate":"https:\/\/crlrando.fr\/?s={search_term_string}"},"query-input":{"@type":"PropertyValueSpecification","valueRequired":true,"valueName":"search_term_string"}}],"inLanguage":"fr-FR"},{"@type":"Organization","@id":"https:\/\/crlrando.fr\/#organization","name":"Club Randonn\u00e9es Loisirs","url":"https:\/\/crlrando.fr\/","logo":{"@type":"ImageObject","inLanguage":"fr-FR","@id":"https:\/\/crlrando.fr\/#\/schema\/logo\/image\/","url":"https:\/\/crlrando.fr\/wp-content\/uploads\/2023\/04\/SIGLE-22.4.png","contentUrl":"https:\/\/crlrando.fr\/wp-content\/uploads\/2023\/04\/SIGLE-22.4.png","width":1662,"height":1171,"caption":"Club Randonn\u00e9es Loisirs"},"image":{"@id":"https:\/\/crlrando.fr\/#\/schema\/logo\/image\/"}}]}},"_links":{"self":[{"href":"https:\/\/crlrando.fr\/index.php\/wp-json\/wp\/v2\/mec-events\/4771","targetHints":{"allow":["GET"]}}],"collection":[{"href":"https:\/\/crlrando.fr\/index.php\/wp-json\/wp\/v2\/mec-events"}],"about":[{"href":"https:\/\/crlrando.fr\/index.php\/wp-json\/wp\/v2\/types\/mec-events"}],"author":[{"embeddable":true,"href":"https:\/\/crlrando.fr\/index.php\/wp-json\/wp\/v2\/users\/3"}],"replies":[{"embeddable":true,"href":"https:\/\/crlrando.fr\/index.php\/wp-json\/wp\/v2\/comments?post=4771"}],"version-history":[{"count":6,"href":"https:\/\/crlrando.fr\/index.php\/wp-json\/wp\/v2\/mec-events\/4771\/revisions"}],"predecessor-version":[{"id":5218,"href":"https:\/\/crlrando.fr\/index.php\/wp-json\/wp\/v2\/mec-events\/4771\/revisions\/5218"}],"wp:featuredmedia":[{"embeddable":true,"href":"https:\/\/crlrando.fr\/index.php\/wp-json\/wp\/v2\/media\/4773"}],"wp:attachment":[{"href":"https:\/\/crlrando.fr\/index.php\/wp-json\/wp\/v2\/media?parent=4771"}],"wp:term":[{"taxonomy":"post_tag","embeddable":true,"href":"https:\/\/crlrando.fr\/index.php\/wp-json\/wp\/v2\/tags?post=4771"},{"taxonomy":"mec_category","embeddable":true,"href":"https:\/\/crlrando.fr\/index.php\/wp-json\/wp\/v2\/mec_category?post=4771"}],"curies":[{"name":"wp","href":"https:\/\/api.w.org\/{rel}","templated":true}]}}