{"id":3930,"date":"2023-11-13T09:12:53","date_gmt":"2023-11-13T08:12:53","guid":{"rendered":"https:\/\/crlrando.fr\/index.php\/events\/sentier-saint-sebastien\/"},"modified":"2023-11-27T14:00:05","modified_gmt":"2023-11-27T13:00:05","slug":"sentier-saint-sebastien","status":"publish","type":"mec-events","link":"https:\/\/crlrando.fr\/index.php\/events\/sentier-saint-sebastien\/","title":{"rendered":"La boucle de Saint-S\u00e9bastien"},"content":{"rendered":"\t\t<div data-elementor-type=\"wp-post\" data-elementor-id=\"3930\" class=\"elementor elementor-3930\" data-elementor-post-type=\"mec-events\">\n\t\t\t\t\t\t<section class=\"elementor-section elementor-top-section elementor-element elementor-element-45f5998f elementor-section-boxed elementor-section-height-default elementor-section-height-default\" data-id=\"45f5998f\" data-element_type=\"section\">\n\t\t\t\t\t\t<div class=\"elementor-container elementor-column-gap-default\">\n\t\t\t\t\t<div class=\"elementor-column elementor-col-100 elementor-top-column elementor-element elementor-element-aeeda3d\" data-id=\"aeeda3d\" data-element_type=\"column\">\n\t\t\t<div class=\"elementor-widget-wrap elementor-element-populated\">\n\t\t\t\t\t\t<div class=\"elementor-element elementor-element-5c1a9ac1 elementor-widget elementor-widget-text-editor\" data-id=\"5c1a9ac1\" data-element_type=\"widget\" data-widget_type=\"text-editor.default\">\n\t\t\t\t<div class=\"elementor-widget-container\">\n\t\t\t\t\t\t\t\t\t\n<h3 class=\"wp-block-heading has-vivid-red-color has-text-color has-link-color wp-elements-20759b8acb4bb59fcd4519be4a4e166f\">Cette randonn\u00e9e est annul\u00e9e \u00e0 cause des pluies attendues mardi<\/h3>\n\n\n\n<h3 class=\"wp-block-heading has-vivid-cyan-blue-color has-text-color has-link-color wp-elements-b10bc8170c1d308295b3d00d8c208664\"><em><a href=\"https:\/\/crlrando.fr\/wp-content\/uploads\/2023\/10\/20231128_St_Sebastien.pdf\" target=\"_blank\" rel=\"noreferrer noopener\">V<\/a><a href=\"https:\/\/crlrando.fr\/wp-content\/uploads\/2023\/10\/20231128_St_Sebastien.pdf\">oir la fiche descriptive<\/a><\/em><\/h3>\n\n\n\n<blockquote class=\"wp-block-quote is-layout-flow wp-block-quote-is-layout-flow\">\n<h3 class=\"wp-block-heading\">Proche de Vielmur-sur-Agout et de Puylaurens dans le d\u00e9partement du Tarn, le Sentier de Saint-S\u00e9bastien, c\u2019est l\u2019assurance au cours des 12 kilom\u00e8tres du parcours, de rencontrer de magnifiques paysages color\u00e9s.<\/h3>\n<\/blockquote>\n\n\n\t\t\t\t\t\t\t\t<\/div>\n\t\t\t\t<\/div>\n\t\t\t\t\t<\/div>\n\t\t<\/div>\n\t\t\t\t\t<\/div>\n\t\t<\/section>\n\t\t\t\t<section class=\"elementor-section elementor-top-section elementor-element elementor-element-b50df3b elementor-section-boxed elementor-section-height-default elementor-section-height-default\" data-id=\"b50df3b\" data-element_type=\"section\">\n\t\t\t\t\t\t<div class=\"elementor-container elementor-column-gap-default\">\n\t\t\t\t\t<div class=\"elementor-column elementor-col-100 elementor-top-column elementor-element elementor-element-f6b9800\" data-id=\"f6b9800\" data-element_type=\"column\">\n\t\t\t<div class=\"elementor-widget-wrap elementor-element-populated\">\n\t\t\t\t\t\t<div class=\"elementor-element elementor-element-67cf341 elementor-widget elementor-widget-image\" data-id=\"67cf341\" data-element_type=\"widget\" data-widget_type=\"image.default\">\n\t\t\t\t<div class=\"elementor-widget-container\">\n\t\t\t\t\t\t\t\t\t\t\t\t\t\t\t<img fetchpriority=\"high\" decoding=\"async\" width=\"240\" height=\"320\" src=\"https:\/\/crlrando.fr\/wp-content\/uploads\/2023\/10\/IMG_2833-rotated.jpeg\" class=\"attachment-large size-large wp-image-4055\" alt=\"\" srcset=\"https:\/\/crlrando.fr\/wp-content\/uploads\/2023\/10\/IMG_2833-rotated.jpeg 240w, https:\/\/crlrando.fr\/wp-content\/uploads\/2023\/10\/IMG_2833-225x300.jpeg 225w\" sizes=\"(max-width: 240px) 100vw, 240px\" \/>\t\t\t\t\t\t\t\t\t\t\t\t\t\t\t<\/div>\n\t\t\t\t<\/div>\n\t\t\t\t\t<\/div>\n\t\t<\/div>\n\t\t\t\t\t<\/div>\n\t\t<\/section>\n\t\t\t\t<\/div>\n\t\t","protected":false},"excerpt":{"rendered":"<p>Cette randonn\u00e9e est annul\u00e9e \u00e0 cause des pluies attendues mardi Voir la fiche descriptive Proche de Vielmur-sur-Agout et de Puylaurens dans le d\u00e9partement du Tarn, le Sentier de Saint-S\u00e9bastien, c\u2019est l\u2019assurance au cours des 12 kilom\u00e8tres du parcours, de rencontrer de magnifiques paysages color\u00e9s.<\/p>\n","protected":false},"author":3,"featured_media":4056,"comment_status":"closed","ping_status":"closed","template":"","meta":{"site-sidebar-layout":"default","site-content-layout":"","ast-site-content-layout":"default","site-content-style":"default","site-sidebar-style":"default","ast-global-header-display":"","ast-banner-title-visibility":"","ast-main-header-display":"","ast-hfb-above-header-display":"","ast-hfb-below-header-display":"","ast-hfb-mobile-header-display":"","site-post-title":"","ast-breadcrumbs-content":"","ast-featured-img":"","footer-sml-layout":"","theme-transparent-header-meta":"","adv-header-id-meta":"","stick-header-meta":"","header-above-stick-meta":"","header-main-stick-meta":"","header-below-stick-meta":"","astra-migrate-meta-layouts":"set","ast-page-background-enabled":"default","ast-page-background-meta":{"desktop":{"background-color":"var(--ast-global-color-4)","background-image":"","background-repeat":"repeat","background-position":"center center","background-size":"auto","background-attachment":"scroll","background-type":"","background-media":"","overlay-type":"","overlay-color":"","overlay-opacity":"","overlay-gradient":""},"tablet":{"background-color":"","background-image":"","background-repeat":"repeat","background-position":"center center","background-size":"auto","background-attachment":"scroll","background-type":"","background-media":"","overlay-type":"","overlay-color":"","overlay-opacity":"","overlay-gradient":""},"mobile":{"background-color":"","background-image":"","background-repeat":"repeat","background-position":"center center","background-size":"auto","background-attachment":"scroll","background-type":"","background-media":"","overlay-type":"","overlay-color":"","overlay-opacity":"","overlay-gradient":""}},"ast-content-background-meta":{"desktop":{"background-color":"var(--ast-global-color-5)","background-image":"","background-repeat":"repeat","background-position":"center center","background-size":"auto","background-attachment":"scroll","background-type":"","background-media":"","overlay-type":"","overlay-color":"","overlay-opacity":"","overlay-gradient":""},"tablet":{"background-color":"var(--ast-global-color-5)","background-image":"","background-repeat":"repeat","background-position":"center center","background-size":"auto","background-attachment":"scroll","background-type":"","background-media":"","overlay-type":"","overlay-color":"","overlay-opacity":"","overlay-gradient":""},"mobile":{"background-color":"var(--ast-global-color-5)","background-image":"","background-repeat":"repeat","background-position":"center center","background-size":"auto","background-attachment":"scroll","background-type":"","background-media":"","overlay-type":"","overlay-color":"","overlay-opacity":"","overlay-gradient":""}}},"tags":[],"mec_category":[18],"class_list":["post-3930","mec-events","type-mec-events","status-publish","has-post-thumbnail","hentry","mec_category-niveau-1"],"yoast_head":"<!-- This site is optimized with the Yoast SEO plugin v26.8 - https:\/\/yoast.com\/product\/yoast-seo-wordpress\/ -->\n<title>La boucle de Saint-S\u00e9bastien - Club de randonn\u00e9e Lauragais R\u00e9gion Toulouse Pyr\u00e9en\u00e9es<\/title>\n<meta name=\"robots\" content=\"index, follow, max-snippet:-1, max-image-preview:large, max-video-preview:-1\" \/>\n<link rel=\"canonical\" href=\"https:\/\/crlrando.fr\/index.php\/events\/sentier-saint-sebastien\/\" class=\"yoast-seo-meta-tag\" \/>\n<meta property=\"og:locale\" content=\"fr_FR\" class=\"yoast-seo-meta-tag\" \/>\n<meta property=\"og:type\" content=\"article\" class=\"yoast-seo-meta-tag\" \/>\n<meta property=\"og:title\" content=\"La boucle de Saint-S\u00e9bastien - Club de randonn\u00e9e Lauragais R\u00e9gion Toulouse Pyr\u00e9en\u00e9es\" class=\"yoast-seo-meta-tag\" \/>\n<meta property=\"og:description\" content=\"Cette randonn\u00e9e est annul\u00e9e \u00e0 cause des pluies attendues mardi Voir la fiche descriptive Proche de Vielmur-sur-Agout et de Puylaurens dans le d\u00e9partement du Tarn, le Sentier de Saint-S\u00e9bastien, c\u2019est l\u2019assurance au cours des 12 kilom\u00e8tres du parcours, de rencontrer de magnifiques paysages color\u00e9s.\" class=\"yoast-seo-meta-tag\" \/>\n<meta property=\"og:url\" content=\"https:\/\/crlrando.fr\/index.php\/events\/sentier-saint-sebastien\/\" class=\"yoast-seo-meta-tag\" \/>\n<meta property=\"og:site_name\" content=\"Club de randonn\u00e9e Lauragais R\u00e9gion Toulouse Pyr\u00e9en\u00e9es\" class=\"yoast-seo-meta-tag\" \/>\n<meta property=\"article:modified_time\" content=\"2023-11-27T13:00:05+00:00\" class=\"yoast-seo-meta-tag\" \/>\n<meta property=\"og:image\" content=\"https:\/\/crlrando.fr\/wp-content\/uploads\/2023\/10\/IMG_9069-rotated.jpeg\" class=\"yoast-seo-meta-tag\" \/>\n\t<meta property=\"og:image:width\" content=\"240\" class=\"yoast-seo-meta-tag\" \/>\n\t<meta property=\"og:image:height\" content=\"320\" class=\"yoast-seo-meta-tag\" \/>\n\t<meta property=\"og:image:type\" content=\"image\/jpeg\" class=\"yoast-seo-meta-tag\" \/>\n<meta name=\"twitter:card\" content=\"summary_large_image\" class=\"yoast-seo-meta-tag\" \/>\n<meta name=\"twitter:label1\" content=\"Dur\u00e9e de lecture estim\u00e9e\" class=\"yoast-seo-meta-tag\" \/>\n\t<meta name=\"twitter:data1\" content=\"1 minute\" class=\"yoast-seo-meta-tag\" \/>\n<script type=\"application\/ld+json\" class=\"yoast-schema-graph\">{\"@context\":\"https:\/\/schema.org\",\"@graph\":[{\"@type\":\"WebPage\",\"@id\":\"https:\/\/crlrando.fr\/index.php\/events\/sentier-saint-sebastien\/\",\"url\":\"https:\/\/crlrando.fr\/index.php\/events\/sentier-saint-sebastien\/\",\"name\":\"La boucle de Saint-S\u00e9bastien - Club de randonn\u00e9e Lauragais R\u00e9gion Toulouse Pyr\u00e9en\u00e9es\",\"isPartOf\":{\"@id\":\"https:\/\/crlrando.fr\/#website\"},\"primaryImageOfPage\":{\"@id\":\"https:\/\/crlrando.fr\/index.php\/events\/sentier-saint-sebastien\/#primaryimage\"},\"image\":{\"@id\":\"https:\/\/crlrando.fr\/index.php\/events\/sentier-saint-sebastien\/#primaryimage\"},\"thumbnailUrl\":\"https:\/\/crlrando.fr\/wp-content\/uploads\/2023\/10\/IMG_9069-rotated.jpeg\",\"datePublished\":\"2023-11-13T08:12:53+00:00\",\"dateModified\":\"2023-11-27T13:00:05+00:00\",\"breadcrumb\":{\"@id\":\"https:\/\/crlrando.fr\/index.php\/events\/sentier-saint-sebastien\/#breadcrumb\"},\"inLanguage\":\"fr-FR\",\"potentialAction\":[{\"@type\":\"ReadAction\",\"target\":[\"https:\/\/crlrando.fr\/index.php\/events\/sentier-saint-sebastien\/\"]}]},{\"@type\":\"ImageObject\",\"inLanguage\":\"fr-FR\",\"@id\":\"https:\/\/crlrando.fr\/index.php\/events\/sentier-saint-sebastien\/#primaryimage\",\"url\":\"https:\/\/crlrando.fr\/wp-content\/uploads\/2023\/10\/IMG_9069-rotated.jpeg\",\"contentUrl\":\"https:\/\/crlrando.fr\/wp-content\/uploads\/2023\/10\/IMG_9069-rotated.jpeg\",\"width\":240,\"height\":320},{\"@type\":\"BreadcrumbList\",\"@id\":\"https:\/\/crlrando.fr\/index.php\/events\/sentier-saint-sebastien\/#breadcrumb\",\"itemListElement\":[{\"@type\":\"ListItem\",\"position\":1,\"name\":\"Accueil\",\"item\":\"https:\/\/crlrando.fr\/\"},{\"@type\":\"ListItem\",\"position\":2,\"name\":\"\u00c9v\u00e9nements\",\"item\":\"https:\/\/crlrando.fr\/index.php\/events\/\"},{\"@type\":\"ListItem\",\"position\":3,\"name\":\"La boucle de Saint-S\u00e9bastien\"}]},{\"@type\":\"WebSite\",\"@id\":\"https:\/\/crlrando.fr\/#website\",\"url\":\"https:\/\/crlrando.fr\/\",\"name\":\"Club de randonn\u00e9e Lauragais R\u00e9gion Toulouse Pyr\u00e9en\u00e9es\",\"description\":\"2026 : 238 km parcourus avec 7820 m de d\u00e9nivel\u00e9\",\"publisher\":{\"@id\":\"https:\/\/crlrando.fr\/#organization\"},\"potentialAction\":[{\"@type\":\"SearchAction\",\"target\":{\"@type\":\"EntryPoint\",\"urlTemplate\":\"https:\/\/crlrando.fr\/?s={search_term_string}\"},\"query-input\":{\"@type\":\"PropertyValueSpecification\",\"valueRequired\":true,\"valueName\":\"search_term_string\"}}],\"inLanguage\":\"fr-FR\"},{\"@type\":\"Organization\",\"@id\":\"https:\/\/crlrando.fr\/#organization\",\"name\":\"Club Randonn\u00e9es Loisirs\",\"url\":\"https:\/\/crlrando.fr\/\",\"logo\":{\"@type\":\"ImageObject\",\"inLanguage\":\"fr-FR\",\"@id\":\"https:\/\/crlrando.fr\/#\/schema\/logo\/image\/\",\"url\":\"https:\/\/crlrando.fr\/wp-content\/uploads\/2023\/04\/SIGLE-22.4.png\",\"contentUrl\":\"https:\/\/crlrando.fr\/wp-content\/uploads\/2023\/04\/SIGLE-22.4.png\",\"width\":1662,\"height\":1171,\"caption\":\"Club Randonn\u00e9es Loisirs\"},\"image\":{\"@id\":\"https:\/\/crlrando.fr\/#\/schema\/logo\/image\/\"}}]}<\/script>\n<!-- \/ Yoast SEO plugin. -->","yoast_head_json":{"title":"La boucle de Saint-S\u00e9bastien - Club de randonn\u00e9e Lauragais R\u00e9gion Toulouse Pyr\u00e9en\u00e9es","robots":{"index":"index","follow":"follow","max-snippet":"max-snippet:-1","max-image-preview":"max-image-preview:large","max-video-preview":"max-video-preview:-1"},"canonical":"https:\/\/crlrando.fr\/index.php\/events\/sentier-saint-sebastien\/","og_locale":"fr_FR","og_type":"article","og_title":"La boucle de Saint-S\u00e9bastien - Club de randonn\u00e9e Lauragais R\u00e9gion Toulouse Pyr\u00e9en\u00e9es","og_description":"Cette randonn\u00e9e est annul\u00e9e \u00e0 cause des pluies attendues mardi Voir la fiche descriptive Proche de Vielmur-sur-Agout et de Puylaurens dans le d\u00e9partement du Tarn, le Sentier de Saint-S\u00e9bastien, c\u2019est l\u2019assurance au cours des 12 kilom\u00e8tres du parcours, de rencontrer de magnifiques paysages color\u00e9s.","og_url":"https:\/\/crlrando.fr\/index.php\/events\/sentier-saint-sebastien\/","og_site_name":"Club de randonn\u00e9e Lauragais R\u00e9gion Toulouse Pyr\u00e9en\u00e9es","article_modified_time":"2023-11-27T13:00:05+00:00","og_image":[{"width":240,"height":320,"url":"https:\/\/crlrando.fr\/wp-content\/uploads\/2023\/10\/IMG_9069-rotated.jpeg","type":"image\/jpeg"}],"twitter_card":"summary_large_image","twitter_misc":{"Dur\u00e9e de lecture estim\u00e9e":"1 minute"},"schema":{"@context":"https:\/\/schema.org","@graph":[{"@type":"WebPage","@id":"https:\/\/crlrando.fr\/index.php\/events\/sentier-saint-sebastien\/","url":"https:\/\/crlrando.fr\/index.php\/events\/sentier-saint-sebastien\/","name":"La boucle de Saint-S\u00e9bastien - Club de randonn\u00e9e Lauragais R\u00e9gion Toulouse Pyr\u00e9en\u00e9es","isPartOf":{"@id":"https:\/\/crlrando.fr\/#website"},"primaryImageOfPage":{"@id":"https:\/\/crlrando.fr\/index.php\/events\/sentier-saint-sebastien\/#primaryimage"},"image":{"@id":"https:\/\/crlrando.fr\/index.php\/events\/sentier-saint-sebastien\/#primaryimage"},"thumbnailUrl":"https:\/\/crlrando.fr\/wp-content\/uploads\/2023\/10\/IMG_9069-rotated.jpeg","datePublished":"2023-11-13T08:12:53+00:00","dateModified":"2023-11-27T13:00:05+00:00","breadcrumb":{"@id":"https:\/\/crlrando.fr\/index.php\/events\/sentier-saint-sebastien\/#breadcrumb"},"inLanguage":"fr-FR","potentialAction":[{"@type":"ReadAction","target":["https:\/\/crlrando.fr\/index.php\/events\/sentier-saint-sebastien\/"]}]},{"@type":"ImageObject","inLanguage":"fr-FR","@id":"https:\/\/crlrando.fr\/index.php\/events\/sentier-saint-sebastien\/#primaryimage","url":"https:\/\/crlrando.fr\/wp-content\/uploads\/2023\/10\/IMG_9069-rotated.jpeg","contentUrl":"https:\/\/crlrando.fr\/wp-content\/uploads\/2023\/10\/IMG_9069-rotated.jpeg","width":240,"height":320},{"@type":"BreadcrumbList","@id":"https:\/\/crlrando.fr\/index.php\/events\/sentier-saint-sebastien\/#breadcrumb","itemListElement":[{"@type":"ListItem","position":1,"name":"Accueil","item":"https:\/\/crlrando.fr\/"},{"@type":"ListItem","position":2,"name":"\u00c9v\u00e9nements","item":"https:\/\/crlrando.fr\/index.php\/events\/"},{"@type":"ListItem","position":3,"name":"La boucle de Saint-S\u00e9bastien"}]},{"@type":"WebSite","@id":"https:\/\/crlrando.fr\/#website","url":"https:\/\/crlrando.fr\/","name":"Club de randonn\u00e9e Lauragais R\u00e9gion Toulouse Pyr\u00e9en\u00e9es","description":"2026 : 238 km parcourus avec 7820 m de d\u00e9nivel\u00e9","publisher":{"@id":"https:\/\/crlrando.fr\/#organization"},"potentialAction":[{"@type":"SearchAction","target":{"@type":"EntryPoint","urlTemplate":"https:\/\/crlrando.fr\/?s={search_term_string}"},"query-input":{"@type":"PropertyValueSpecification","valueRequired":true,"valueName":"search_term_string"}}],"inLanguage":"fr-FR"},{"@type":"Organization","@id":"https:\/\/crlrando.fr\/#organization","name":"Club Randonn\u00e9es Loisirs","url":"https:\/\/crlrando.fr\/","logo":{"@type":"ImageObject","inLanguage":"fr-FR","@id":"https:\/\/crlrando.fr\/#\/schema\/logo\/image\/","url":"https:\/\/crlrando.fr\/wp-content\/uploads\/2023\/04\/SIGLE-22.4.png","contentUrl":"https:\/\/crlrando.fr\/wp-content\/uploads\/2023\/04\/SIGLE-22.4.png","width":1662,"height":1171,"caption":"Club Randonn\u00e9es Loisirs"},"image":{"@id":"https:\/\/crlrando.fr\/#\/schema\/logo\/image\/"}}]}},"_links":{"self":[{"href":"https:\/\/crlrando.fr\/index.php\/wp-json\/wp\/v2\/mec-events\/3930","targetHints":{"allow":["GET"]}}],"collection":[{"href":"https:\/\/crlrando.fr\/index.php\/wp-json\/wp\/v2\/mec-events"}],"about":[{"href":"https:\/\/crlrando.fr\/index.php\/wp-json\/wp\/v2\/types\/mec-events"}],"author":[{"embeddable":true,"href":"https:\/\/crlrando.fr\/index.php\/wp-json\/wp\/v2\/users\/3"}],"replies":[{"embeddable":true,"href":"https:\/\/crlrando.fr\/index.php\/wp-json\/wp\/v2\/comments?post=3930"}],"version-history":[{"count":34,"href":"https:\/\/crlrando.fr\/index.php\/wp-json\/wp\/v2\/mec-events\/3930\/revisions"}],"predecessor-version":[{"id":4238,"href":"https:\/\/crlrando.fr\/index.php\/wp-json\/wp\/v2\/mec-events\/3930\/revisions\/4238"}],"wp:featuredmedia":[{"embeddable":true,"href":"https:\/\/crlrando.fr\/index.php\/wp-json\/wp\/v2\/media\/4056"}],"wp:attachment":[{"href":"https:\/\/crlrando.fr\/index.php\/wp-json\/wp\/v2\/media?parent=3930"}],"wp:term":[{"taxonomy":"post_tag","embeddable":true,"href":"https:\/\/crlrando.fr\/index.php\/wp-json\/wp\/v2\/tags?post=3930"},{"taxonomy":"mec_category","embeddable":true,"href":"https:\/\/crlrando.fr\/index.php\/wp-json\/wp\/v2\/mec_category?post=3930"}],"curies":[{"name":"wp","href":"https:\/\/api.w.org\/{rel}","templated":true}]}}