{"id":10164,"date":"2026-03-06T15:36:30","date_gmt":"2026-03-06T14:36:30","guid":{"rendered":"https:\/\/crlrando.fr\/?post_type=mec-events&#038;p=10164"},"modified":"2026-03-21T16:29:33","modified_gmt":"2026-03-21T15:29:33","slug":"la-boucle-den-saja-prunet-932","status":"publish","type":"mec-events","link":"https:\/\/crlrando.fr\/index.php\/events\/la-boucle-den-saja-prunet-932\/","title":{"rendered":"LA BOUCLE D\u2019EN SAJA &#8211; PRUNET"},"content":{"rendered":"\n<h3 class=\"wp-block-heading has-vivid-cyan-blue-color has-text-color has-link-color wp-elements-3be36b904306e2f111ed77d9a965d18b\"><em><a href=\"https:\/\/crlrando.fr\/wp-content\/uploads\/2025\/12\/20260317_en_saja.pdf\" type=\"link\" id=\"https:\/\/crlrando.fr\/wp-content\/uploads\/2025\/12\/20260317_en_saja.pdf\" target=\"_blank\" rel=\"noreferrer noopener\">Voir la fiche<\/a><\/em><\/h3>\n\n\n\n<p><\/p>\n","protected":false},"excerpt":{"rendered":"<p>Voir la fiche<\/p>\n","protected":false},"author":3,"featured_media":4773,"comment_status":"closed","ping_status":"closed","template":"","meta":{"site-sidebar-layout":"default","site-content-layout":"","ast-site-content-layout":"default","site-content-style":"default","site-sidebar-style":"default","ast-global-header-display":"","ast-banner-title-visibility":"","ast-main-header-display":"","ast-hfb-above-header-display":"","ast-hfb-below-header-display":"","ast-hfb-mobile-header-display":"","site-post-title":"","ast-breadcrumbs-content":"","ast-featured-img":"","footer-sml-layout":"","theme-transparent-header-meta":"","adv-header-id-meta":"","stick-header-meta":"","header-above-stick-meta":"","header-main-stick-meta":"","header-below-stick-meta":"","astra-migrate-meta-layouts":"set","ast-page-background-enabled":"default","ast-page-background-meta":{"desktop":{"background-color":"var(--ast-global-color-4)","background-image":"","background-repeat":"repeat","background-position":"center center","background-size":"auto","background-attachment":"scroll","background-type":"","background-media":"","overlay-type":"","overlay-color":"","overlay-opacity":"","overlay-gradient":""},"tablet":{"background-color":"","background-image":"","background-repeat":"repeat","background-position":"center center","background-size":"auto","background-attachment":"scroll","background-type":"","background-media":"","overlay-type":"","overlay-color":"","overlay-opacity":"","overlay-gradient":""},"mobile":{"background-color":"","background-image":"","background-repeat":"repeat","background-position":"center center","background-size":"auto","background-attachment":"scroll","background-type":"","background-media":"","overlay-type":"","overlay-color":"","overlay-opacity":"","overlay-gradient":""}},"ast-content-background-meta":{"desktop":{"background-color":"var(--ast-global-color-5)","background-image":"","background-repeat":"repeat","background-position":"center center","background-size":"auto","background-attachment":"scroll","background-type":"","background-media":"","overlay-type":"","overlay-color":"","overlay-opacity":"","overlay-gradient":""},"tablet":{"background-color":"var(--ast-global-color-5)","background-image":"","background-repeat":"repeat","background-position":"center center","background-size":"auto","background-attachment":"scroll","background-type":"","background-media":"","overlay-type":"","overlay-color":"","overlay-opacity":"","overlay-gradient":""},"mobile":{"background-color":"var(--ast-global-color-5)","background-image":"","background-repeat":"repeat","background-position":"center center","background-size":"auto","background-attachment":"scroll","background-type":"","background-media":"","overlay-type":"","overlay-color":"","overlay-opacity":"","overlay-gradient":""}}},"tags":[],"mec_category":[22],"class_list":["post-10164","mec-events","type-mec-events","status-publish","has-post-thumbnail","hentry","mec_category-rando-douce"],"yoast_head":"<!-- This site is optimized with the Yoast SEO plugin v26.8 - https:\/\/yoast.com\/product\/yoast-seo-wordpress\/ -->\n<title>LA BOUCLE D\u2019EN SAJA - PRUNET - Club de randonn\u00e9e Lauragais R\u00e9gion Toulouse Pyr\u00e9en\u00e9es<\/title>\n<meta name=\"robots\" content=\"index, follow, max-snippet:-1, max-image-preview:large, max-video-preview:-1\" \/>\n<link rel=\"canonical\" href=\"https:\/\/crlrando.fr\/index.php\/events\/la-boucle-den-saja-prunet-932\/\" class=\"yoast-seo-meta-tag\" \/>\n<meta property=\"og:locale\" content=\"fr_FR\" class=\"yoast-seo-meta-tag\" \/>\n<meta property=\"og:type\" content=\"article\" class=\"yoast-seo-meta-tag\" \/>\n<meta property=\"og:title\" content=\"LA BOUCLE D\u2019EN SAJA - PRUNET - Club de randonn\u00e9e Lauragais R\u00e9gion Toulouse Pyr\u00e9en\u00e9es\" class=\"yoast-seo-meta-tag\" \/>\n<meta property=\"og:description\" content=\"Voir la fiche\" class=\"yoast-seo-meta-tag\" \/>\n<meta property=\"og:url\" content=\"https:\/\/crlrando.fr\/index.php\/events\/la-boucle-den-saja-prunet-932\/\" class=\"yoast-seo-meta-tag\" \/>\n<meta property=\"og:site_name\" content=\"Club de randonn\u00e9e Lauragais R\u00e9gion Toulouse Pyr\u00e9en\u00e9es\" class=\"yoast-seo-meta-tag\" \/>\n<meta property=\"article:modified_time\" content=\"2026-03-21T15:29:33+00:00\" class=\"yoast-seo-meta-tag\" \/>\n<meta property=\"og:image\" content=\"https:\/\/crlrando.fr\/wp-content\/uploads\/2024\/01\/rando_Paris-scaled.jpg\" class=\"yoast-seo-meta-tag\" \/>\n\t<meta property=\"og:image:width\" content=\"2560\" class=\"yoast-seo-meta-tag\" \/>\n\t<meta property=\"og:image:height\" content=\"1441\" class=\"yoast-seo-meta-tag\" \/>\n\t<meta property=\"og:image:type\" content=\"image\/jpeg\" class=\"yoast-seo-meta-tag\" \/>\n<meta name=\"twitter:card\" content=\"summary_large_image\" class=\"yoast-seo-meta-tag\" \/>\n<meta name=\"twitter:label1\" content=\"Dur\u00e9e de lecture estim\u00e9e\" class=\"yoast-seo-meta-tag\" \/>\n\t<meta name=\"twitter:data1\" content=\"1 minute\" class=\"yoast-seo-meta-tag\" \/>\n<script type=\"application\/ld+json\" class=\"yoast-schema-graph\">{\"@context\":\"https:\/\/schema.org\",\"@graph\":[{\"@type\":\"WebPage\",\"@id\":\"https:\/\/crlrando.fr\/index.php\/events\/la-boucle-den-saja-prunet-932\/\",\"url\":\"https:\/\/crlrando.fr\/index.php\/events\/la-boucle-den-saja-prunet-932\/\",\"name\":\"LA BOUCLE D\u2019EN SAJA - PRUNET - Club de randonn\u00e9e Lauragais R\u00e9gion Toulouse Pyr\u00e9en\u00e9es\",\"isPartOf\":{\"@id\":\"https:\/\/crlrando.fr\/#website\"},\"primaryImageOfPage\":{\"@id\":\"https:\/\/crlrando.fr\/index.php\/events\/la-boucle-den-saja-prunet-932\/#primaryimage\"},\"image\":{\"@id\":\"https:\/\/crlrando.fr\/index.php\/events\/la-boucle-den-saja-prunet-932\/#primaryimage\"},\"thumbnailUrl\":\"https:\/\/crlrando.fr\/wp-content\/uploads\/2024\/01\/rando_Paris-scaled.jpg\",\"datePublished\":\"2026-03-06T14:36:30+00:00\",\"dateModified\":\"2026-03-21T15:29:33+00:00\",\"breadcrumb\":{\"@id\":\"https:\/\/crlrando.fr\/index.php\/events\/la-boucle-den-saja-prunet-932\/#breadcrumb\"},\"inLanguage\":\"fr-FR\",\"potentialAction\":[{\"@type\":\"ReadAction\",\"target\":[\"https:\/\/crlrando.fr\/index.php\/events\/la-boucle-den-saja-prunet-932\/\"]}]},{\"@type\":\"ImageObject\",\"inLanguage\":\"fr-FR\",\"@id\":\"https:\/\/crlrando.fr\/index.php\/events\/la-boucle-den-saja-prunet-932\/#primaryimage\",\"url\":\"https:\/\/crlrando.fr\/wp-content\/uploads\/2024\/01\/rando_Paris-scaled.jpg\",\"contentUrl\":\"https:\/\/crlrando.fr\/wp-content\/uploads\/2024\/01\/rando_Paris-scaled.jpg\",\"width\":2560,\"height\":1441},{\"@type\":\"BreadcrumbList\",\"@id\":\"https:\/\/crlrando.fr\/index.php\/events\/la-boucle-den-saja-prunet-932\/#breadcrumb\",\"itemListElement\":[{\"@type\":\"ListItem\",\"position\":1,\"name\":\"Accueil\",\"item\":\"https:\/\/crlrando.fr\/\"},{\"@type\":\"ListItem\",\"position\":2,\"name\":\"\u00c9v\u00e9nements\",\"item\":\"https:\/\/crlrando.fr\/index.php\/events\/\"},{\"@type\":\"ListItem\",\"position\":3,\"name\":\"LA BOUCLE D\u2019EN SAJA &#8211; PRUNET\"}]},{\"@type\":\"WebSite\",\"@id\":\"https:\/\/crlrando.fr\/#website\",\"url\":\"https:\/\/crlrando.fr\/\",\"name\":\"Club de randonn\u00e9e Lauragais R\u00e9gion Toulouse Pyr\u00e9en\u00e9es\",\"description\":\"2026 : 238 km parcourus avec 7820 m de d\u00e9nivel\u00e9\",\"publisher\":{\"@id\":\"https:\/\/crlrando.fr\/#organization\"},\"potentialAction\":[{\"@type\":\"SearchAction\",\"target\":{\"@type\":\"EntryPoint\",\"urlTemplate\":\"https:\/\/crlrando.fr\/?s={search_term_string}\"},\"query-input\":{\"@type\":\"PropertyValueSpecification\",\"valueRequired\":true,\"valueName\":\"search_term_string\"}}],\"inLanguage\":\"fr-FR\"},{\"@type\":\"Organization\",\"@id\":\"https:\/\/crlrando.fr\/#organization\",\"name\":\"Club Randonn\u00e9es Loisirs\",\"url\":\"https:\/\/crlrando.fr\/\",\"logo\":{\"@type\":\"ImageObject\",\"inLanguage\":\"fr-FR\",\"@id\":\"https:\/\/crlrando.fr\/#\/schema\/logo\/image\/\",\"url\":\"https:\/\/crlrando.fr\/wp-content\/uploads\/2023\/04\/SIGLE-22.4.png\",\"contentUrl\":\"https:\/\/crlrando.fr\/wp-content\/uploads\/2023\/04\/SIGLE-22.4.png\",\"width\":1662,\"height\":1171,\"caption\":\"Club Randonn\u00e9es Loisirs\"},\"image\":{\"@id\":\"https:\/\/crlrando.fr\/#\/schema\/logo\/image\/\"}}]}<\/script>\n<!-- \/ Yoast SEO plugin. -->","yoast_head_json":{"title":"LA BOUCLE D\u2019EN SAJA - PRUNET - Club de randonn\u00e9e Lauragais R\u00e9gion Toulouse Pyr\u00e9en\u00e9es","robots":{"index":"index","follow":"follow","max-snippet":"max-snippet:-1","max-image-preview":"max-image-preview:large","max-video-preview":"max-video-preview:-1"},"canonical":"https:\/\/crlrando.fr\/index.php\/events\/la-boucle-den-saja-prunet-932\/","og_locale":"fr_FR","og_type":"article","og_title":"LA BOUCLE D\u2019EN SAJA - PRUNET - Club de randonn\u00e9e Lauragais R\u00e9gion Toulouse Pyr\u00e9en\u00e9es","og_description":"Voir la fiche","og_url":"https:\/\/crlrando.fr\/index.php\/events\/la-boucle-den-saja-prunet-932\/","og_site_name":"Club de randonn\u00e9e Lauragais R\u00e9gion Toulouse Pyr\u00e9en\u00e9es","article_modified_time":"2026-03-21T15:29:33+00:00","og_image":[{"width":2560,"height":1441,"url":"https:\/\/crlrando.fr\/wp-content\/uploads\/2024\/01\/rando_Paris-scaled.jpg","type":"image\/jpeg"}],"twitter_card":"summary_large_image","twitter_misc":{"Dur\u00e9e de lecture estim\u00e9e":"1 minute"},"schema":{"@context":"https:\/\/schema.org","@graph":[{"@type":"WebPage","@id":"https:\/\/crlrando.fr\/index.php\/events\/la-boucle-den-saja-prunet-932\/","url":"https:\/\/crlrando.fr\/index.php\/events\/la-boucle-den-saja-prunet-932\/","name":"LA BOUCLE D\u2019EN SAJA - PRUNET - Club de randonn\u00e9e Lauragais R\u00e9gion Toulouse Pyr\u00e9en\u00e9es","isPartOf":{"@id":"https:\/\/crlrando.fr\/#website"},"primaryImageOfPage":{"@id":"https:\/\/crlrando.fr\/index.php\/events\/la-boucle-den-saja-prunet-932\/#primaryimage"},"image":{"@id":"https:\/\/crlrando.fr\/index.php\/events\/la-boucle-den-saja-prunet-932\/#primaryimage"},"thumbnailUrl":"https:\/\/crlrando.fr\/wp-content\/uploads\/2024\/01\/rando_Paris-scaled.jpg","datePublished":"2026-03-06T14:36:30+00:00","dateModified":"2026-03-21T15:29:33+00:00","breadcrumb":{"@id":"https:\/\/crlrando.fr\/index.php\/events\/la-boucle-den-saja-prunet-932\/#breadcrumb"},"inLanguage":"fr-FR","potentialAction":[{"@type":"ReadAction","target":["https:\/\/crlrando.fr\/index.php\/events\/la-boucle-den-saja-prunet-932\/"]}]},{"@type":"ImageObject","inLanguage":"fr-FR","@id":"https:\/\/crlrando.fr\/index.php\/events\/la-boucle-den-saja-prunet-932\/#primaryimage","url":"https:\/\/crlrando.fr\/wp-content\/uploads\/2024\/01\/rando_Paris-scaled.jpg","contentUrl":"https:\/\/crlrando.fr\/wp-content\/uploads\/2024\/01\/rando_Paris-scaled.jpg","width":2560,"height":1441},{"@type":"BreadcrumbList","@id":"https:\/\/crlrando.fr\/index.php\/events\/la-boucle-den-saja-prunet-932\/#breadcrumb","itemListElement":[{"@type":"ListItem","position":1,"name":"Accueil","item":"https:\/\/crlrando.fr\/"},{"@type":"ListItem","position":2,"name":"\u00c9v\u00e9nements","item":"https:\/\/crlrando.fr\/index.php\/events\/"},{"@type":"ListItem","position":3,"name":"LA BOUCLE D\u2019EN SAJA &#8211; PRUNET"}]},{"@type":"WebSite","@id":"https:\/\/crlrando.fr\/#website","url":"https:\/\/crlrando.fr\/","name":"Club de randonn\u00e9e Lauragais R\u00e9gion Toulouse Pyr\u00e9en\u00e9es","description":"2026 : 238 km parcourus avec 7820 m de d\u00e9nivel\u00e9","publisher":{"@id":"https:\/\/crlrando.fr\/#organization"},"potentialAction":[{"@type":"SearchAction","target":{"@type":"EntryPoint","urlTemplate":"https:\/\/crlrando.fr\/?s={search_term_string}"},"query-input":{"@type":"PropertyValueSpecification","valueRequired":true,"valueName":"search_term_string"}}],"inLanguage":"fr-FR"},{"@type":"Organization","@id":"https:\/\/crlrando.fr\/#organization","name":"Club Randonn\u00e9es Loisirs","url":"https:\/\/crlrando.fr\/","logo":{"@type":"ImageObject","inLanguage":"fr-FR","@id":"https:\/\/crlrando.fr\/#\/schema\/logo\/image\/","url":"https:\/\/crlrando.fr\/wp-content\/uploads\/2023\/04\/SIGLE-22.4.png","contentUrl":"https:\/\/crlrando.fr\/wp-content\/uploads\/2023\/04\/SIGLE-22.4.png","width":1662,"height":1171,"caption":"Club Randonn\u00e9es Loisirs"},"image":{"@id":"https:\/\/crlrando.fr\/#\/schema\/logo\/image\/"}}]}},"_links":{"self":[{"href":"https:\/\/crlrando.fr\/index.php\/wp-json\/wp\/v2\/mec-events\/10164","targetHints":{"allow":["GET"]}}],"collection":[{"href":"https:\/\/crlrando.fr\/index.php\/wp-json\/wp\/v2\/mec-events"}],"about":[{"href":"https:\/\/crlrando.fr\/index.php\/wp-json\/wp\/v2\/types\/mec-events"}],"author":[{"embeddable":true,"href":"https:\/\/crlrando.fr\/index.php\/wp-json\/wp\/v2\/users\/3"}],"replies":[{"embeddable":true,"href":"https:\/\/crlrando.fr\/index.php\/wp-json\/wp\/v2\/comments?post=10164"}],"version-history":[{"count":5,"href":"https:\/\/crlrando.fr\/index.php\/wp-json\/wp\/v2\/mec-events\/10164\/revisions"}],"predecessor-version":[{"id":10171,"href":"https:\/\/crlrando.fr\/index.php\/wp-json\/wp\/v2\/mec-events\/10164\/revisions\/10171"}],"wp:featuredmedia":[{"embeddable":true,"href":"https:\/\/crlrando.fr\/index.php\/wp-json\/wp\/v2\/media\/4773"}],"wp:attachment":[{"href":"https:\/\/crlrando.fr\/index.php\/wp-json\/wp\/v2\/media?parent=10164"}],"wp:term":[{"taxonomy":"post_tag","embeddable":true,"href":"https:\/\/crlrando.fr\/index.php\/wp-json\/wp\/v2\/tags?post=10164"},{"taxonomy":"mec_category","embeddable":true,"href":"https:\/\/crlrando.fr\/index.php\/wp-json\/wp\/v2\/mec_category?post=10164"}],"curies":[{"name":"wp","href":"https:\/\/api.w.org\/{rel}","templated":true}]}}