{"version":"1.0","provider_name":"Club de randonn\u00e9e Lauragais R\u00e9gion Toulouse Pyr\u00e9en\u00e9es","provider_url":"https:\/\/crlrando.fr","title":"Le pic d'Espaillat (Ari\u00e8ge) - Club de randonn\u00e9e Lauragais R\u00e9gion Toulouse Pyr\u00e9en\u00e9es","type":"rich","width":600,"height":338,"html":"<blockquote class=\"wp-embedded-content\" data-secret=\"M5Af6tjSAb\"><a href=\"https:\/\/crlrando.fr\/index.php\/events\/le-pic-despaillat-ariege\/\">Le pic d&rsquo;Espaillat (Ari\u00e8ge)<\/a><\/blockquote><iframe sandbox=\"allow-scripts\" security=\"restricted\" src=\"https:\/\/crlrando.fr\/index.php\/events\/le-pic-despaillat-ariege\/embed\/#?secret=M5Af6tjSAb\" width=\"600\" height=\"338\" title=\"\u00ab\u00a0Le pic d&rsquo;Espaillat (Ari\u00e8ge)\u00a0\u00bb &#8212; Club de randonn\u00e9e Lauragais R\u00e9gion Toulouse Pyr\u00e9en\u00e9es\" data-secret=\"M5Af6tjSAb\" frameborder=\"0\" marginwidth=\"0\" marginheight=\"0\" scrolling=\"no\" class=\"wp-embedded-content\"><\/iframe><script>\n\/*! This file is auto-generated *\/\n!function(d,l){\"use strict\";l.querySelector&&d.addEventListener&&\"undefined\"!=typeof URL&&(d.wp=d.wp||{},d.wp.receiveEmbedMessage||(d.wp.receiveEmbedMessage=function(e){var t=e.data;if((t||t.secret||t.message||t.value)&&!\/[^a-zA-Z0-9]\/.test(t.secret)){for(var s,r,n,a=l.querySelectorAll('iframe[data-secret=\"'+t.secret+'\"]'),o=l.querySelectorAll('blockquote[data-secret=\"'+t.secret+'\"]'),c=new RegExp(\"^https?:$\",\"i\"),i=0;i<o.length;i++)o[i].style.display=\"none\";for(i=0;i<a.length;i++)s=a[i],e.source===s.contentWindow&&(s.removeAttribute(\"style\"),\"height\"===t.message?(1e3<(r=parseInt(t.value,10))?r=1e3:~~r<200&&(r=200),s.height=r):\"link\"===t.message&&(r=new URL(s.getAttribute(\"src\")),n=new URL(t.value),c.test(n.protocol))&&n.host===r.host&&l.activeElement===s&&(d.top.location.href=t.value))}},d.addEventListener(\"message\",d.wp.receiveEmbedMessage,!1),l.addEventListener(\"DOMContentLoaded\",function(){for(var e,t,s=l.querySelectorAll(\"iframe.wp-embedded-content\"),r=0;r<s.length;r++)(t=(e=s[r]).getAttribute(\"data-secret\"))||(t=Math.random().toString(36).substring(2,12),e.src+=\"#?secret=\"+t,e.setAttribute(\"data-secret\",t)),e.contentWindow.postMessage({message:\"ready\",secret:t},\"*\")},!1)))}(window,document);\n\/\/# sourceURL=https:\/\/crlrando.fr\/wp-includes\/js\/wp-embed.min.js\n<\/script>\n","thumbnail_url":"https:\/\/crlrando.fr\/wp-content\/uploads\/2025\/10\/niveau_3_neige.jpg","thumbnail_width":640,"thumbnail_height":480,"description":"Petit sommet sans renomm\u00e9e, le pic d&rsquo;Espaillat est peu fr\u00e9quent\u00e9. En hiver, on a de fortes chances d&rsquo;effectuer toute la randonn\u00e9 sans croiser \u00e2me qui vive. Sauvage et vari\u00e9, cet itin\u00e9raire en travers\u00e9e n\u00e9cessite de bonnes notions en orientation. La vue est magnifique durant une grande partie du parcours. Emmanuel envisage la possibilit\u00e9 de s&rsquo;arr\u00eater [&hellip;]"}