{"version":"1.0","provider_name":"Club de randonn\u00e9e Lauragais R\u00e9gion Toulouse Pyr\u00e9en\u00e9es","provider_url":"https:\/\/crlrando.fr","title":"Grande randonn\u00e9e vers Paris - Club de randonn\u00e9e Lauragais R\u00e9gion Toulouse Pyr\u00e9en\u00e9es","type":"rich","width":600,"height":338,"html":"<blockquote class=\"wp-embedded-content\" data-secret=\"dovkmMJVo5\"><a href=\"https:\/\/crlrando.fr\/index.php\/events\/grande-randonnee-vers-paris\/\">Grande randonn\u00e9e vers Paris<\/a><\/blockquote><iframe sandbox=\"allow-scripts\" security=\"restricted\" src=\"https:\/\/crlrando.fr\/index.php\/events\/grande-randonnee-vers-paris\/embed\/#?secret=dovkmMJVo5\" width=\"600\" height=\"338\" title=\"\u00ab\u00a0Grande randonn\u00e9e vers Paris\u00a0\u00bb &#8212; Club de randonn\u00e9e Lauragais R\u00e9gion Toulouse Pyr\u00e9en\u00e9es\" data-secret=\"dovkmMJVo5\" frameborder=\"0\" marginwidth=\"0\" marginheight=\"0\" scrolling=\"no\" class=\"wp-embedded-content\"><\/iframe><script>\n\/*! This file is auto-generated *\/\n!function(d,l){\"use strict\";l.querySelector&&d.addEventListener&&\"undefined\"!=typeof URL&&(d.wp=d.wp||{},d.wp.receiveEmbedMessage||(d.wp.receiveEmbedMessage=function(e){var t=e.data;if((t||t.secret||t.message||t.value)&&!\/[^a-zA-Z0-9]\/.test(t.secret)){for(var s,r,n,a=l.querySelectorAll('iframe[data-secret=\"'+t.secret+'\"]'),o=l.querySelectorAll('blockquote[data-secret=\"'+t.secret+'\"]'),c=new RegExp(\"^https?:$\",\"i\"),i=0;i<o.length;i++)o[i].style.display=\"none\";for(i=0;i<a.length;i++)s=a[i],e.source===s.contentWindow&&(s.removeAttribute(\"style\"),\"height\"===t.message?(1e3<(r=parseInt(t.value,10))?r=1e3:~~r<200&&(r=200),s.height=r):\"link\"===t.message&&(r=new URL(s.getAttribute(\"src\")),n=new URL(t.value),c.test(n.protocol))&&n.host===r.host&&l.activeElement===s&&(d.top.location.href=t.value))}},d.addEventListener(\"message\",d.wp.receiveEmbedMessage,!1),l.addEventListener(\"DOMContentLoaded\",function(){for(var e,t,s=l.querySelectorAll(\"iframe.wp-embedded-content\"),r=0;r<s.length;r++)(t=(e=s[r]).getAttribute(\"data-secret\"))||(t=Math.random().toString(36).substring(2,12),e.src+=\"#?secret=\"+t,e.setAttribute(\"data-secret\",t)),e.contentWindow.postMessage({message:\"ready\",secret:t},\"*\")},!1)))}(window,document);\n\/\/# sourceURL=https:\/\/crlrando.fr\/wp-includes\/js\/wp-embed.min.js\n<\/script>\n","thumbnail_url":"https:\/\/crlrando.fr\/wp-content\/uploads\/2024\/01\/rando_Paris-scaled.jpg","thumbnail_width":2560,"thumbnail_height":1441,"description":"L&rsquo;annonce des Jeux Olympiques et Paralympiques de Paris 2024, qui a fait l\u2019objet d\u2019une s\u00e9quence lors de notre dernier Congr\u00e8s, aura permis \u00e0 la FFRandonn\u00e9e de proposer \u00e0 nos concitoyens, et aux randonneurs en particulier sa \u00ab Grande Randonn\u00e9e vers Paris \u00bb. Gr\u00e2ce \u00e0 cet \u00e9v\u00e8nement national in\u00e9dit, participatif, cr\u00e9atif, solidaire et \u00e9co-responsable au printemps [&hellip;]"}